{"id":1298,"date":"2024-12-09T10:20:30","date_gmt":"2024-12-09T09:20:30","guid":{"rendered":"https:\/\/www.echange-afrique-insa.fr\/?page_id=1298"},"modified":"2026-04-21T15:45:10","modified_gmt":"2026-04-21T14:45:10","slug":"projet-2024","status":"publish","type":"page","link":"https:\/\/www.echange-afrique-insa.fr\/index.php\/projet-2024\/","title":{"rendered":"Projet 2024"},"content":{"rendered":"<!-- Frise chronologique \u2013 \u00c9change Afrique INSA -->\n<style>\n.eai-frise * { box-sizing: border-box; }\n.eai-frise {\n  font-family: -apple-system, BlinkMacSystemFont, 'Segoe UI', Roboto, Oxygen, Ubuntu, sans-serif;\n  max-width: 1100px;\n  margin: 2rem auto;\n  padding: 1rem 1.25rem;\n}\n.eai-frise-track {\n  position: relative;\n  display: flex;\n  justify-content: space-between;\n  align-items: center;\n  padding: 1rem 0.5rem 1.5rem;\n  gap: 0.25rem;\n}\n.eai-frise-track::before {\n  content: \"\";\n  position: absolute;\n  top: calc(1rem + 30px);\n  left: 5%;\n  right: 5%;\n  height: 3px;\n  background: linear-gradient(90deg, #FB923C, #EA580C, #B45309);\n  border-radius: 2px;\n  z-index: 0;\n}\n.eai-frise-year {\n  position: relative;\n  z-index: 1;\n  text-decoration: none !important;\n  display: flex;\n  flex-direction: column;\n  align-items: center;\n  gap: 0.5rem;\n  transition: transform 0.25s ease;\n  flex: 1;\n  min-width: 0;\n}\n.eai-frise-year:hover { transform: translateY(-6px); }\n.eai-frise-dot {\n  width: 60px;\n  height: 60px;\n  border-radius: 50%;\n  background: #FFFFFF;\n  border: 3px solid #EA580C;\n  display: flex;\n  align-items: center;\n  justify-content: center;\n  font-weight: 700;\n  color: #7C2D12;\n  font-size: 0.95rem;\n  box-shadow: 0 3px 10px rgba(234, 88, 12, 0.2);\n  transition: all 0.25s ease;\n}\n.eai-frise-year:hover .eai-frise-dot {\n  background: #EA580C;\n  color: #FFFFFF;\n  border-color: #7C2D12;\n  box-shadow: 0 6px 16px rgba(234, 88, 12, 0.4);\n}\n.eai-frise-label {\n  font-size: 0.8rem;\n  color: #78716C;\n  font-weight: 500;\n  text-align: center;\n  opacity: 0;\n  transform: translateY(-4px);\n  transition: all 0.25s ease;\n}\n.eai-frise-year:hover .eai-frise-label {\n  opacity: 1;\n  color: #7C2D12;\n  transform: translateY(0);\n}\n@media (max-width: 720px) {\n  .eai-frise { padding: 1rem; }\n  .eai-frise-track {\n    flex-direction: column;\n    padding: 1rem;\n    gap: 1.25rem;\n  }\n  .eai-frise-track::before {\n    left: 50%;\n    top: 2rem;\n    bottom: 2rem;\n    right: auto;\n    width: 3px;\n    height: auto;\n    background: linear-gradient(180deg, #FB923C, #EA580C, #B45309);\n    transform: translateX(-50%);\n  }\n  .eai-frise-year {\n    flex-direction: row;\n    gap: 1rem;\n    width: 100%;\n    justify-content: flex-start;\n    padding-left: 30%;\n  }\n  .eai-frise-label { opacity: 1; transform: none; }\n}\n<\/style>\n\n<div class=\"eai-frise\">\n  <div class=\"eai-frise-track\">\n    <a class=\"eai-frise-year\" href=\"\/index.php\/projet-2017\/\"><div class=\"eai-frise-dot\">2017<\/div><span class=\"eai-frise-label\">Voir \u2192<\/span><\/a>\n    <a class=\"eai-frise-year\" href=\"\/index.php\/projet-2018\/\"><div class=\"eai-frise-dot\">2018<\/div><span class=\"eai-frise-label\">Voir \u2192<\/span><\/a>\n    <a class=\"eai-frise-year\" href=\"\/index.php\/projet-2019\/\"><div class=\"eai-frise-dot\">2019<\/div><span class=\"eai-frise-label\">Voir \u2192<\/span><\/a>\n    <a class=\"eai-frise-year\" href=\"\/index.php\/projet-2020\/\"><div class=\"eai-frise-dot\">2020<\/div><span class=\"eai-frise-label\">Voir \u2192<\/span><\/a>\n    <a class=\"eai-frise-year\" href=\"\/index.php\/projet-2021\/\"><div class=\"eai-frise-dot\">2021<\/div><span class=\"eai-frise-label\">Voir \u2192<\/span><\/a>\n    <a class=\"eai-frise-year\" href=\"\/index.php\/projet-2022\/\"><div class=\"eai-frise-dot\">2022<\/div><span class=\"eai-frise-label\">Voir \u2192<\/span><\/a>\n    <a class=\"eai-frise-year\" href=\"\/index.php\/projet-2023\/\"><div class=\"eai-frise-dot\">2023<\/div><span class=\"eai-frise-label\">Voir \u2192<\/span><\/a>\n    <a class=\"eai-frise-year\" href=\"\/index.php\/projet-2024\/\"><div class=\"eai-frise-dot\">2024<\/div><span class=\"eai-frise-label\">Voir \u2192<\/span><\/a>\n    <a class=\"eai-frise-year\" href=\"\/index.php\/projet-2025\/\"><div class=\"eai-frise-dot\">2025<\/div><span class=\"eai-frise-label\">Voir \u2192<\/span><\/a>\n  <\/div>\n<\/div>\n\n\n<h2 class=\"wp-block-heading\">12 etudiants et 5 p\u00f4les<\/h2>\n\n\n\n<figure class=\"wp-block-gallery has-nested-images columns-6 is-cropped wp-block-gallery-13 is-layout-flex wp-block-gallery-is-layout-flex\">\n<figure class=\"wp-block-image size-large is-style-rounded is-style-rounded--1\"><img loading=\"lazy\" decoding=\"async\" width=\"1559\" height=\"1559\" data-id=\"1264\" src=\"https:\/\/www.echange-afrique-insa.fr\/wp-content\/uploads\/2024\/02\/Julie-LE-COZ.png\" alt=\"\" class=\"wp-image-1264\" srcset=\"https:\/\/www.echange-afrique-insa.fr\/wp-content\/uploads\/2024\/02\/Julie-LE-COZ.png 1559w, https:\/\/www.echange-afrique-insa.fr\/wp-content\/uploads\/2024\/02\/Julie-LE-COZ-300x300.png 300w, https:\/\/www.echange-afrique-insa.fr\/wp-content\/uploads\/2024\/02\/Julie-LE-COZ-1024x1024.png 1024w, https:\/\/www.echange-afrique-insa.fr\/wp-content\/uploads\/2024\/02\/Julie-LE-COZ-150x150.png 150w, https:\/\/www.echange-afrique-insa.fr\/wp-content\/uploads\/2024\/02\/Julie-LE-COZ-768x768.png 768w, https:\/\/www.echange-afrique-insa.fr\/wp-content\/uploads\/2024\/02\/Julie-LE-COZ-1536x1536.png 1536w\" sizes=\"auto, (max-width: 1559px) 100vw, 1559px\" \/><figcaption class=\"wp-element-caption\"><strong>Julie LE COZ <\/strong><br><em>Co-pr\u00e9sidente<\/em><\/figcaption><\/figure>\n\n\n\n<figure class=\"wp-block-image size-large is-style-rounded is-style-rounded--2\"><img loading=\"lazy\" decoding=\"async\" width=\"1559\" height=\"1559\" data-id=\"1275\" src=\"https:\/\/www.echange-afrique-insa.fr\/wp-content\/uploads\/2024\/02\/Yannis-ZONGO.png\" alt=\"\" class=\"wp-image-1275\" srcset=\"https:\/\/www.echange-afrique-insa.fr\/wp-content\/uploads\/2024\/02\/Yannis-ZONGO.png 1559w, https:\/\/www.echange-afrique-insa.fr\/wp-content\/uploads\/2024\/02\/Yannis-ZONGO-300x300.png 300w, https:\/\/www.echange-afrique-insa.fr\/wp-content\/uploads\/2024\/02\/Yannis-ZONGO-1024x1024.png 1024w, https:\/\/www.echange-afrique-insa.fr\/wp-content\/uploads\/2024\/02\/Yannis-ZONGO-150x150.png 150w, https:\/\/www.echange-afrique-insa.fr\/wp-content\/uploads\/2024\/02\/Yannis-ZONGO-768x768.png 768w, https:\/\/www.echange-afrique-insa.fr\/wp-content\/uploads\/2024\/02\/Yannis-ZONGO-1536x1536.png 1536w\" sizes=\"auto, (max-width: 1559px) 100vw, 1559px\" \/><figcaption class=\"wp-element-caption\"><strong>Yannis ZONGO<\/strong><br><em>Co-pr\u00e9sident<\/em><\/figcaption><\/figure>\n\n\n\n<figure class=\"wp-block-image size-large is-style-rounded is-style-rounded--3\"><img loading=\"lazy\" decoding=\"async\" width=\"1559\" height=\"1559\" data-id=\"1266\" src=\"https:\/\/www.echange-afrique-insa.fr\/wp-content\/uploads\/2024\/02\/Amelie-NERAUD.png\" alt=\"\" class=\"wp-image-1266\" srcset=\"https:\/\/www.echange-afrique-insa.fr\/wp-content\/uploads\/2024\/02\/Amelie-NERAUD.png 1559w, https:\/\/www.echange-afrique-insa.fr\/wp-content\/uploads\/2024\/02\/Amelie-NERAUD-300x300.png 300w, https:\/\/www.echange-afrique-insa.fr\/wp-content\/uploads\/2024\/02\/Amelie-NERAUD-1024x1024.png 1024w, https:\/\/www.echange-afrique-insa.fr\/wp-content\/uploads\/2024\/02\/Amelie-NERAUD-150x150.png 150w, https:\/\/www.echange-afrique-insa.fr\/wp-content\/uploads\/2024\/02\/Amelie-NERAUD-768x768.png 768w, https:\/\/www.echange-afrique-insa.fr\/wp-content\/uploads\/2024\/02\/Amelie-NERAUD-1536x1536.png 1536w\" sizes=\"auto, (max-width: 1559px) 100vw, 1559px\" \/><figcaption class=\"wp-element-caption\"><strong>Am\u00e9lie NERAUD<\/strong> <br><em>Com &#8211; Voyage<\/em><\/figcaption><\/figure>\n\n\n\n<figure class=\"wp-block-image size-large is-style-rounded is-style-rounded--4\"><img loading=\"lazy\" decoding=\"async\" width=\"1559\" height=\"1559\" data-id=\"1271\" src=\"https:\/\/www.echange-afrique-insa.fr\/wp-content\/uploads\/2024\/02\/Lukas-THEPOT.png\" alt=\"\" class=\"wp-image-1271\" srcset=\"https:\/\/www.echange-afrique-insa.fr\/wp-content\/uploads\/2024\/02\/Lukas-THEPOT.png 1559w, https:\/\/www.echange-afrique-insa.fr\/wp-content\/uploads\/2024\/02\/Lukas-THEPOT-300x300.png 300w, https:\/\/www.echange-afrique-insa.fr\/wp-content\/uploads\/2024\/02\/Lukas-THEPOT-1024x1024.png 1024w, https:\/\/www.echange-afrique-insa.fr\/wp-content\/uploads\/2024\/02\/Lukas-THEPOT-150x150.png 150w, https:\/\/www.echange-afrique-insa.fr\/wp-content\/uploads\/2024\/02\/Lukas-THEPOT-768x768.png 768w, https:\/\/www.echange-afrique-insa.fr\/wp-content\/uploads\/2024\/02\/Lukas-THEPOT-1536x1536.png 1536w\" sizes=\"auto, (max-width: 1559px) 100vw, 1559px\" \/><figcaption class=\"wp-element-caption\"><strong>Lukas THEPOT<\/strong><br><em>Com &#8211; Voyage<\/em><\/figcaption><\/figure>\n\n\n\n<figure class=\"wp-block-image size-large is-style-rounded is-style-rounded--5\"><img loading=\"lazy\" decoding=\"async\" width=\"1559\" height=\"1559\" data-id=\"1270\" src=\"https:\/\/www.echange-afrique-insa.fr\/wp-content\/uploads\/2024\/02\/Louanne-BERANGER.png\" alt=\"\" class=\"wp-image-1270\" srcset=\"https:\/\/www.echange-afrique-insa.fr\/wp-content\/uploads\/2024\/02\/Louanne-BERANGER.png 1559w, https:\/\/www.echange-afrique-insa.fr\/wp-content\/uploads\/2024\/02\/Louanne-BERANGER-300x300.png 300w, https:\/\/www.echange-afrique-insa.fr\/wp-content\/uploads\/2024\/02\/Louanne-BERANGER-1024x1024.png 1024w, https:\/\/www.echange-afrique-insa.fr\/wp-content\/uploads\/2024\/02\/Louanne-BERANGER-150x150.png 150w, https:\/\/www.echange-afrique-insa.fr\/wp-content\/uploads\/2024\/02\/Louanne-BERANGER-768x768.png 768w, https:\/\/www.echange-afrique-insa.fr\/wp-content\/uploads\/2024\/02\/Louanne-BERANGER-1536x1536.png 1536w\" sizes=\"auto, (max-width: 1559px) 100vw, 1559px\" \/><figcaption class=\"wp-element-caption\"><strong>Lou-Anne BARANGER <\/strong><em>Tr\u00e9sori\u00e8re<\/em><\/figcaption><\/figure>\n\n\n\n<figure class=\"wp-block-image size-large is-style-rounded is-style-rounded--6\"><img loading=\"lazy\" decoding=\"async\" width=\"1559\" height=\"1559\" data-id=\"1265\" src=\"https:\/\/www.echange-afrique-insa.fr\/wp-content\/uploads\/2024\/02\/Adriana-EL-HADDAD.png\" alt=\"\" class=\"wp-image-1265\" srcset=\"https:\/\/www.echange-afrique-insa.fr\/wp-content\/uploads\/2024\/02\/Adriana-EL-HADDAD.png 1559w, https:\/\/www.echange-afrique-insa.fr\/wp-content\/uploads\/2024\/02\/Adriana-EL-HADDAD-300x300.png 300w, https:\/\/www.echange-afrique-insa.fr\/wp-content\/uploads\/2024\/02\/Adriana-EL-HADDAD-1024x1024.png 1024w, https:\/\/www.echange-afrique-insa.fr\/wp-content\/uploads\/2024\/02\/Adriana-EL-HADDAD-150x150.png 150w, https:\/\/www.echange-afrique-insa.fr\/wp-content\/uploads\/2024\/02\/Adriana-EL-HADDAD-768x768.png 768w, https:\/\/www.echange-afrique-insa.fr\/wp-content\/uploads\/2024\/02\/Adriana-EL-HADDAD-1536x1536.png 1536w\" sizes=\"auto, (max-width: 1559px) 100vw, 1559px\" \/><figcaption class=\"wp-element-caption\"><strong>Adriana EL HADDAD <\/strong><em>Tr\u00e9sori\u00e8re<\/em><\/figcaption><\/figure>\n\n\n\n<figure class=\"wp-block-image size-large is-style-rounded is-style-rounded--7\"><img loading=\"lazy\" decoding=\"async\" width=\"1040\" height=\"1040\" data-id=\"1269\" src=\"https:\/\/www.echange-afrique-insa.fr\/wp-content\/uploads\/2024\/02\/Klervi-ROUXEL.png\" alt=\"\" class=\"wp-image-1269\" srcset=\"https:\/\/www.echange-afrique-insa.fr\/wp-content\/uploads\/2024\/02\/Klervi-ROUXEL.png 1040w, https:\/\/www.echange-afrique-insa.fr\/wp-content\/uploads\/2024\/02\/Klervi-ROUXEL-300x300.png 300w, https:\/\/www.echange-afrique-insa.fr\/wp-content\/uploads\/2024\/02\/Klervi-ROUXEL-1024x1024.png 1024w, https:\/\/www.echange-afrique-insa.fr\/wp-content\/uploads\/2024\/02\/Klervi-ROUXEL-150x150.png 150w, https:\/\/www.echange-afrique-insa.fr\/wp-content\/uploads\/2024\/02\/Klervi-ROUXEL-768x768.png 768w\" sizes=\"auto, (max-width: 1040px) 100vw, 1040px\" \/><figcaption class=\"wp-element-caption\"><strong>Klervi ROUXEL<\/strong> <em>Subventions<\/em><\/figcaption><\/figure>\n\n\n\n<figure class=\"wp-block-image size-large is-style-rounded is-style-rounded--8\"><img loading=\"lazy\" decoding=\"async\" width=\"1559\" height=\"1559\" data-id=\"1267\" src=\"https:\/\/www.echange-afrique-insa.fr\/wp-content\/uploads\/2024\/02\/Brieuc-MONFORT.png\" alt=\"\" class=\"wp-image-1267\" srcset=\"https:\/\/www.echange-afrique-insa.fr\/wp-content\/uploads\/2024\/02\/Brieuc-MONFORT.png 1559w, https:\/\/www.echange-afrique-insa.fr\/wp-content\/uploads\/2024\/02\/Brieuc-MONFORT-300x300.png 300w, https:\/\/www.echange-afrique-insa.fr\/wp-content\/uploads\/2024\/02\/Brieuc-MONFORT-1024x1024.png 1024w, https:\/\/www.echange-afrique-insa.fr\/wp-content\/uploads\/2024\/02\/Brieuc-MONFORT-150x150.png 150w, https:\/\/www.echange-afrique-insa.fr\/wp-content\/uploads\/2024\/02\/Brieuc-MONFORT-768x768.png 768w, https:\/\/www.echange-afrique-insa.fr\/wp-content\/uploads\/2024\/02\/Brieuc-MONFORT-1536x1536.png 1536w\" sizes=\"auto, (max-width: 1559px) 100vw, 1559px\" \/><figcaption class=\"wp-element-caption\"><strong>Brieuc MONFORT<\/strong> <em>Subventions<\/em><\/figcaption><\/figure>\n\n\n\n<figure class=\"wp-block-image size-large is-style-rounded is-style-rounded--9\"><img loading=\"lazy\" decoding=\"async\" width=\"1559\" height=\"1559\" data-id=\"1273\" src=\"https:\/\/www.echange-afrique-insa.fr\/wp-content\/uploads\/2024\/02\/Pierre-GUERIN.png\" alt=\"\" class=\"wp-image-1273\" srcset=\"https:\/\/www.echange-afrique-insa.fr\/wp-content\/uploads\/2024\/02\/Pierre-GUERIN.png 1559w, https:\/\/www.echange-afrique-insa.fr\/wp-content\/uploads\/2024\/02\/Pierre-GUERIN-300x300.png 300w, https:\/\/www.echange-afrique-insa.fr\/wp-content\/uploads\/2024\/02\/Pierre-GUERIN-1024x1024.png 1024w, https:\/\/www.echange-afrique-insa.fr\/wp-content\/uploads\/2024\/02\/Pierre-GUERIN-150x150.png 150w, https:\/\/www.echange-afrique-insa.fr\/wp-content\/uploads\/2024\/02\/Pierre-GUERIN-768x768.png 768w, https:\/\/www.echange-afrique-insa.fr\/wp-content\/uploads\/2024\/02\/Pierre-GUERIN-1536x1536.png 1536w\" sizes=\"auto, (max-width: 1559px) 100vw, 1559px\" \/><figcaption class=\"wp-element-caption\"><strong>Pierre GUERIN<\/strong> <em>Subventions<\/em><\/figcaption><\/figure>\n\n\n\n<figure class=\"wp-block-image size-large is-style-rounded is-style-rounded--10\"><img loading=\"lazy\" decoding=\"async\" width=\"1559\" height=\"1559\" data-id=\"1274\" src=\"https:\/\/www.echange-afrique-insa.fr\/wp-content\/uploads\/2024\/02\/Simone-CHANOINE.png\" alt=\"\" class=\"wp-image-1274\" srcset=\"https:\/\/www.echange-afrique-insa.fr\/wp-content\/uploads\/2024\/02\/Simone-CHANOINE.png 1559w, https:\/\/www.echange-afrique-insa.fr\/wp-content\/uploads\/2024\/02\/Simone-CHANOINE-300x300.png 300w, https:\/\/www.echange-afrique-insa.fr\/wp-content\/uploads\/2024\/02\/Simone-CHANOINE-1024x1024.png 1024w, https:\/\/www.echange-afrique-insa.fr\/wp-content\/uploads\/2024\/02\/Simone-CHANOINE-150x150.png 150w, https:\/\/www.echange-afrique-insa.fr\/wp-content\/uploads\/2024\/02\/Simone-CHANOINE-768x768.png 768w, https:\/\/www.echange-afrique-insa.fr\/wp-content\/uploads\/2024\/02\/Simone-CHANOINE-1536x1536.png 1536w\" sizes=\"auto, (max-width: 1559px) 100vw, 1559px\" \/><figcaption class=\"wp-element-caption\"><strong>Simone CHANOINE<\/strong> <em>Ev\u00e8nements<\/em><\/figcaption><\/figure>\n\n\n\n<figure class=\"wp-block-image size-large is-style-rounded is-style-rounded--11\"><img loading=\"lazy\" decoding=\"async\" width=\"1559\" height=\"1559\" data-id=\"1272\" src=\"https:\/\/www.echange-afrique-insa.fr\/wp-content\/uploads\/2024\/02\/Martin-LITRE.png\" alt=\"\" class=\"wp-image-1272\" srcset=\"https:\/\/www.echange-afrique-insa.fr\/wp-content\/uploads\/2024\/02\/Martin-LITRE.png 1559w, https:\/\/www.echange-afrique-insa.fr\/wp-content\/uploads\/2024\/02\/Martin-LITRE-300x300.png 300w, https:\/\/www.echange-afrique-insa.fr\/wp-content\/uploads\/2024\/02\/Martin-LITRE-1024x1024.png 1024w, https:\/\/www.echange-afrique-insa.fr\/wp-content\/uploads\/2024\/02\/Martin-LITRE-150x150.png 150w, https:\/\/www.echange-afrique-insa.fr\/wp-content\/uploads\/2024\/02\/Martin-LITRE-768x768.png 768w, https:\/\/www.echange-afrique-insa.fr\/wp-content\/uploads\/2024\/02\/Martin-LITRE-1536x1536.png 1536w\" sizes=\"auto, (max-width: 1559px) 100vw, 1559px\" \/><figcaption class=\"wp-element-caption\"><strong>Martin LITRE<\/strong> <em>Subventions<\/em><\/figcaption><\/figure>\n\n\n\n<figure class=\"wp-block-image size-large is-style-rounded is-style-rounded--12\"><img loading=\"lazy\" decoding=\"async\" width=\"1559\" height=\"1559\" data-id=\"1268\" src=\"https:\/\/www.echange-afrique-insa.fr\/wp-content\/uploads\/2024\/02\/Julia-GUERIN.png\" alt=\"\" class=\"wp-image-1268\" srcset=\"https:\/\/www.echange-afrique-insa.fr\/wp-content\/uploads\/2024\/02\/Julia-GUERIN.png 1559w, https:\/\/www.echange-afrique-insa.fr\/wp-content\/uploads\/2024\/02\/Julia-GUERIN-300x300.png 300w, https:\/\/www.echange-afrique-insa.fr\/wp-content\/uploads\/2024\/02\/Julia-GUERIN-1024x1024.png 1024w, https:\/\/www.echange-afrique-insa.fr\/wp-content\/uploads\/2024\/02\/Julia-GUERIN-150x150.png 150w, https:\/\/www.echange-afrique-insa.fr\/wp-content\/uploads\/2024\/02\/Julia-GUERIN-768x768.png 768w, https:\/\/www.echange-afrique-insa.fr\/wp-content\/uploads\/2024\/02\/Julia-GUERIN-1536x1536.png 1536w\" sizes=\"auto, (max-width: 1559px) 100vw, 1559px\" \/><figcaption class=\"wp-element-caption\"><strong>Julia GUERIN<\/strong> <em>Ev\u00e8nements<\/em><\/figcaption><\/figure>\n<\/figure>\n\n\n\n<h2 class=\"wp-block-heading\">Un village<\/h2>\n\n\n\n<p>Cette ann\u00e9e nous avons d\u00e9cid\u00e9 d&rsquo;aider le village de Konan N&rsquo;Dridko, en C\u00f4te d&rsquo;Ivoire.<\/p>\n\n\n\n<figure class=\"wp-block-video\"><video height=\"1080\" style=\"aspect-ratio: 1920 \/ 1080;\" width=\"1920\" autoplay loop preload=\"auto\" src=\"https:\/\/www.echange-afrique-insa.fr\/wp-content\/uploads\/2024\/09\/EAI-Website.mp4\"><\/video><\/figure>\n\n\n\n<p>Konan N&rsquo;Drikro se trouve en r\u00e9gion baoulais \u00e0 environ 3h en voiture de Yamoussoukro la capitale politique de la C\u00f4te d&rsquo;Ivoire. Desservi par une seule piste en terre, il abrite 1700 habitants dont une trentaine d&rsquo;\u00e9l\u00e8ves. En effet une \u00e9cole primaire a \u00e9t\u00e9 construite en 1969 et est dans un \u00e9tat de d\u00e9labrement avanc\u00e9. C&rsquo;est pourquoi la MUDESCK (Mutuelle pour le D\u00e9veloppement Economique, Social et Culturel de Konan N&rsquo;Drikro) travaille \u00e0 la r\u00e9novation et d\u00e9velopement de cette derni\u00e8re. Pour la deuxi\u00e8me ann\u00e9e cons\u00e9cutive l&rsquo;EAI leur vient en aide dans ce beau projet car en 2023 l&rsquo;association a financ\u00e9 une <a rel=\"noreferrer noopener\" href=\"https:\/\/www.echange-afrique-insa.fr\/index.php\/projet-2023\/\" target=\"_blank\">cantine scolaire<\/a>. <\/p>\n\n\n\n<figure class=\"wp-block-image aligncenter size-full\"><img loading=\"lazy\" decoding=\"async\" width=\"810\" height=\"607\" src=\"https:\/\/www.echange-afrique-insa.fr\/wp-content\/uploads\/2024\/02\/premier-repas-servi.jpg\" alt=\"\" class=\"wp-image-1276\" srcset=\"https:\/\/www.echange-afrique-insa.fr\/wp-content\/uploads\/2024\/02\/premier-repas-servi.jpg 810w, https:\/\/www.echange-afrique-insa.fr\/wp-content\/uploads\/2024\/02\/premier-repas-servi-300x225.jpg 300w, https:\/\/www.echange-afrique-insa.fr\/wp-content\/uploads\/2024\/02\/premier-repas-servi-768x576.jpg 768w\" sizes=\"auto, (max-width: 810px) 100vw, 810px\" \/><figcaption class=\"wp-element-caption\">Premier repas servit dans la cantine<\/figcaption><\/figure>\n\n\n\n<h2 class=\"wp-block-heading\">Un an de travail<\/h2>\n\n\n\n<p>Pour 2024, la Mudesck nous a propos\u00e9 de participer \u00e0 la construction d&rsquo;une nouvelle \u00e9cole maternelle. Afin de financer ce projet, nous avons r\u00e9colt\u00e9 de l&rsquo;argent via des ventes de cr\u00eapes et galettes lors d&rsquo;\u00e9v\u00e8nements sur le campus de l&rsquo;INSA Rennes, des ventes de chaussettes, une cagnotte et des actions Bol de riz dans les coll\u00e8ges et lyc\u00e9es. Pour compl\u00e9ter le budget, nous avons aussi mont\u00e9 des projets de subventions aupr\u00e8s du groupe INSA et de la r\u00e9gion Bretagne notamment.<\/p>\n\n\n\n<p>Au village, le chantier a pu commencer en mars et gr\u00e2ce \u00e0 la participation de tous ses habitants, 3 salles de classe et deux bureaux pour les enseignants ont vu le jour. <\/p>\n\n\n\n<div class=\"wp-block-jetpack-tiled-gallery aligncenter is-style-rectangular\"><div class=\"tiled-gallery__gallery\"><div class=\"tiled-gallery__row\"><div class=\"tiled-gallery__col\" style=\"flex-basis:50.00000%\"><figure class=\"tiled-gallery__item\"><img decoding=\"async\" alt=\"\" data-height=\"750\" data-id=\"1312\" data-link=\"https:\/\/www.echange-afrique-insa.fr\/?attachment_id=1312\" data-url=\"https:\/\/www.echange-afrique-insa.fr\/wp-content\/uploads\/2024\/09\/WhatsApp-Image-2024-05-11-at-14.59.19_11eadd07.jpg\" data-width=\"1000\" src=\"https:\/\/i2.wp.com\/www.echange-afrique-insa.fr\/wp-content\/uploads\/2024\/09\/WhatsApp-Image-2024-05-11-at-14.59.19_11eadd07.jpg?ssl=1\" data-amp-layout=\"responsive\"\/><\/figure><\/div><div class=\"tiled-gallery__col\" style=\"flex-basis:50.00000%\"><figure class=\"tiled-gallery__item\"><img decoding=\"async\" alt=\"\" data-height=\"750\" data-id=\"1313\" data-link=\"https:\/\/www.echange-afrique-insa.fr\/?attachment_id=1313\" data-url=\"https:\/\/www.echange-afrique-insa.fr\/wp-content\/uploads\/2024\/09\/WhatsApp-Image-2024-05-11-at-14.59.20_0c506aef.jpg\" data-width=\"1000\" src=\"https:\/\/i1.wp.com\/www.echange-afrique-insa.fr\/wp-content\/uploads\/2024\/09\/WhatsApp-Image-2024-05-11-at-14.59.20_0c506aef.jpg?ssl=1\" data-amp-layout=\"responsive\"\/><\/figure><\/div><\/div><div class=\"tiled-gallery__row\"><div class=\"tiled-gallery__col\" style=\"flex-basis:34.40823%\"><figure class=\"tiled-gallery__item\"><img decoding=\"async\" alt=\"\" data-height=\"468\" data-id=\"1314\" data-link=\"https:\/\/www.echange-afrique-insa.fr\/?attachment_id=1314\" data-url=\"https:\/\/www.echange-afrique-insa.fr\/wp-content\/uploads\/2024\/09\/WhatsApp-Image-2024-05-27-at-15.43.34_25e363a3-1024x461.jpg\" data-width=\"1040\" src=\"https:\/\/i2.wp.com\/www.echange-afrique-insa.fr\/wp-content\/uploads\/2024\/09\/WhatsApp-Image-2024-05-27-at-15.43.34_25e363a3-1024x461.jpg?ssl=1\" data-amp-layout=\"responsive\"\/><\/figure><\/div><div class=\"tiled-gallery__col\" style=\"flex-basis:34.40823%\"><figure class=\"tiled-gallery__item\"><img decoding=\"async\" alt=\"\" data-height=\"468\" data-id=\"1315\" data-link=\"https:\/\/www.echange-afrique-insa.fr\/?attachment_id=1315\" data-url=\"https:\/\/www.echange-afrique-insa.fr\/wp-content\/uploads\/2024\/09\/WhatsApp-Image-2024-05-27-at-15.43.42_0a80cfa6-1024x461.jpg\" data-width=\"1040\" src=\"https:\/\/i1.wp.com\/www.echange-afrique-insa.fr\/wp-content\/uploads\/2024\/09\/WhatsApp-Image-2024-05-27-at-15.43.42_0a80cfa6-1024x461.jpg?ssl=1\" data-amp-layout=\"responsive\"\/><\/figure><\/div><div class=\"tiled-gallery__col\" style=\"flex-basis:15.59177%\"><figure class=\"tiled-gallery__item\"><img decoding=\"async\" alt=\"\" data-height=\"1080\" data-id=\"1311\" data-link=\"https:\/\/www.echange-afrique-insa.fr\/?attachment_id=1311\" data-url=\"https:\/\/www.echange-afrique-insa.fr\/wp-content\/uploads\/2024\/09\/WhatsApp-Image-2024-06-28-at-12.13.24_68f277a9-1024x1024.jpg\" data-width=\"1080\" src=\"https:\/\/i2.wp.com\/www.echange-afrique-insa.fr\/wp-content\/uploads\/2024\/09\/WhatsApp-Image-2024-06-28-at-12.13.24_68f277a9-1024x1024.jpg?ssl=1\" data-amp-layout=\"responsive\"\/><\/figure><\/div><div class=\"tiled-gallery__col\" style=\"flex-basis:15.59177%\"><figure class=\"tiled-gallery__item\"><img decoding=\"async\" alt=\"\" data-height=\"1080\" data-id=\"1310\" data-link=\"https:\/\/www.echange-afrique-insa.fr\/?attachment_id=1310\" data-url=\"https:\/\/www.echange-afrique-insa.fr\/wp-content\/uploads\/2024\/09\/WhatsApp-Image-2024-06-28-at-12.13.25_596a86b8-1024x1024.jpg\" data-width=\"1080\" src=\"https:\/\/i0.wp.com\/www.echange-afrique-insa.fr\/wp-content\/uploads\/2024\/09\/WhatsApp-Image-2024-06-28-at-12.13.25_596a86b8-1024x1024.jpg?ssl=1\" data-amp-layout=\"responsive\"\/><\/figure><\/div><\/div><\/div><\/div>\n\n\n\n<h2 class=\"wp-block-heading\">Un voyage<\/h2>\n\n\n\n<p>Apr\u00e8s une deuxi\u00e8me ann\u00e9e \u00e0 l&rsquo;INSA Rennes termin\u00e9e, nous avons pris notre envol direction la C\u00f4te d&rsquo;Ivoire et avant de nous rendre au village, nous avons profit\u00e9 d&rsquo;une semaine de Road Trip afin de d\u00e9couvrir l&rsquo;histoire de la \u00ab\u00a0Terre d&rsquo;hospitalit\u00e9\u00a0\u00bb. A commencer par Grand-Bassam et Assinie, deux villes du littoral marqu\u00e9 par le colonialisme, puis un passage oblig\u00e9 par Abidjan. Capitale \u00e9conomique et plus grande ville du pays avec une superficie cinq fois plus grande que Paris, elle a su nous offrir un bain de foule et un d\u00e9paysement complet. Cette semaine s&rsquo;est termin\u00e9e \u00e0 Yamoussoukro la capitale politique et o\u00f9 est n\u00e9e la R\u00e9publique de C\u00f4te d&rsquo;Ivoire. Felix Houphou\u00ebt Boigny, premier pr\u00e9sident de la C\u00f4te d&rsquo;Ivoire, d\u00e9cide de faire de son village natal la capitale politique en 1983. Commence alors un vaste plan d&rsquo;am\u00e9nagement incluant la construction d&rsquo;une mosqu\u00e9e, de la fondation F\u00e9lix Houphou\u00ebt-Boigny pour la recherche de la Paix et la plus grande basilique du monde, la Basilique Notre-Dame-de-la-Paix. Lors de notre passage \u00e0 Yamoussoukro, nous en avons profit\u00e9 pour d\u00e9couvrir une plantation de cacao et un village de tisserands.<\/p>\n\n\n\n<div class=\"wp-block-jetpack-slideshow aligncenter\" data-effect=\"slide\"><div class=\"wp-block-jetpack-slideshow_container swiper-container\"><ul class=\"wp-block-jetpack-slideshow_swiper-wrapper swiper-wrapper\"><li class=\"wp-block-jetpack-slideshow_slide swiper-slide\"><figure><img loading=\"lazy\" decoding=\"async\" width=\"768\" height=\"1024\" alt=\"\" class=\"wp-block-jetpack-slideshow_image wp-image-1358\" data-id=\"1358\" src=\"https:\/\/www.echange-afrique-insa.fr\/wp-content\/uploads\/2024\/09\/Bassam-5-5-768x1024.png\" srcset=\"https:\/\/www.echange-afrique-insa.fr\/wp-content\/uploads\/2024\/09\/Bassam-5-5-768x1024.png 768w, https:\/\/www.echange-afrique-insa.fr\/wp-content\/uploads\/2024\/09\/Bassam-5-5-225x300.png 225w, https:\/\/www.echange-afrique-insa.fr\/wp-content\/uploads\/2024\/09\/Bassam-5-5-1152x1536.png 1152w, https:\/\/www.echange-afrique-insa.fr\/wp-content\/uploads\/2024\/09\/Bassam-5-5.png 1200w\" sizes=\"auto, (max-width: 768px) 100vw, 768px\" \/><\/figure><\/li><li class=\"wp-block-jetpack-slideshow_slide swiper-slide\"><figure><img loading=\"lazy\" decoding=\"async\" width=\"1024\" height=\"683\" alt=\"\" class=\"wp-block-jetpack-slideshow_image wp-image-1366\" data-id=\"1366\" src=\"https:\/\/www.echange-afrique-insa.fr\/wp-content\/uploads\/2024\/09\/IMG_0273-4-1024x683.jpg\" srcset=\"https:\/\/www.echange-afrique-insa.fr\/wp-content\/uploads\/2024\/09\/IMG_0273-4-1024x683.jpg 1024w, https:\/\/www.echange-afrique-insa.fr\/wp-content\/uploads\/2024\/09\/IMG_0273-4-300x200.jpg 300w, https:\/\/www.echange-afrique-insa.fr\/wp-content\/uploads\/2024\/09\/IMG_0273-4-768x512.jpg 768w, https:\/\/www.echange-afrique-insa.fr\/wp-content\/uploads\/2024\/09\/IMG_0273-4-1536x1024.jpg 1536w, https:\/\/www.echange-afrique-insa.fr\/wp-content\/uploads\/2024\/09\/IMG_0273-4-2048x1365.jpg 2048w\" sizes=\"auto, (max-width: 1024px) 100vw, 1024px\" \/><\/figure><\/li><li class=\"wp-block-jetpack-slideshow_slide swiper-slide\"><figure><img loading=\"lazy\" decoding=\"async\" width=\"1024\" height=\"683\" alt=\"\" class=\"wp-block-jetpack-slideshow_image wp-image-1369\" data-id=\"1369\" src=\"https:\/\/www.echange-afrique-insa.fr\/wp-content\/uploads\/2024\/09\/IMG_0315-3-1024x683.jpg\" srcset=\"https:\/\/www.echange-afrique-insa.fr\/wp-content\/uploads\/2024\/09\/IMG_0315-3-1024x683.jpg 1024w, https:\/\/www.echange-afrique-insa.fr\/wp-content\/uploads\/2024\/09\/IMG_0315-3-300x200.jpg 300w, https:\/\/www.echange-afrique-insa.fr\/wp-content\/uploads\/2024\/09\/IMG_0315-3-768x512.jpg 768w, https:\/\/www.echange-afrique-insa.fr\/wp-content\/uploads\/2024\/09\/IMG_0315-3-1536x1024.jpg 1536w, https:\/\/www.echange-afrique-insa.fr\/wp-content\/uploads\/2024\/09\/IMG_0315-3-2048x1365.jpg 2048w\" sizes=\"auto, (max-width: 1024px) 100vw, 1024px\" \/><\/figure><\/li><li class=\"wp-block-jetpack-slideshow_slide swiper-slide\"><figure><img loading=\"lazy\" decoding=\"async\" width=\"1024\" height=\"683\" alt=\"\" class=\"wp-block-jetpack-slideshow_image wp-image-1371\" data-id=\"1371\" src=\"https:\/\/www.echange-afrique-insa.fr\/wp-content\/uploads\/2024\/09\/IMG_0420-5-1024x683.jpg\" srcset=\"https:\/\/www.echange-afrique-insa.fr\/wp-content\/uploads\/2024\/09\/IMG_0420-5-1024x683.jpg 1024w, https:\/\/www.echange-afrique-insa.fr\/wp-content\/uploads\/2024\/09\/IMG_0420-5-300x200.jpg 300w, https:\/\/www.echange-afrique-insa.fr\/wp-content\/uploads\/2024\/09\/IMG_0420-5-768x512.jpg 768w, https:\/\/www.echange-afrique-insa.fr\/wp-content\/uploads\/2024\/09\/IMG_0420-5-1536x1024.jpg 1536w, https:\/\/www.echange-afrique-insa.fr\/wp-content\/uploads\/2024\/09\/IMG_0420-5-2048x1365.jpg 2048w\" sizes=\"auto, (max-width: 1024px) 100vw, 1024px\" \/><\/figure><\/li><li class=\"wp-block-jetpack-slideshow_slide swiper-slide\"><figure><img loading=\"lazy\" decoding=\"async\" width=\"1024\" height=\"683\" alt=\"\" class=\"wp-block-jetpack-slideshow_image wp-image-1372\" data-id=\"1372\" src=\"https:\/\/www.echange-afrique-insa.fr\/wp-content\/uploads\/2024\/09\/IMG_0424-4-1024x683.jpg\" srcset=\"https:\/\/www.echange-afrique-insa.fr\/wp-content\/uploads\/2024\/09\/IMG_0424-4-1024x683.jpg 1024w, https:\/\/www.echange-afrique-insa.fr\/wp-content\/uploads\/2024\/09\/IMG_0424-4-300x200.jpg 300w, https:\/\/www.echange-afrique-insa.fr\/wp-content\/uploads\/2024\/09\/IMG_0424-4-768x512.jpg 768w, https:\/\/www.echange-afrique-insa.fr\/wp-content\/uploads\/2024\/09\/IMG_0424-4-1536x1024.jpg 1536w, https:\/\/www.echange-afrique-insa.fr\/wp-content\/uploads\/2024\/09\/IMG_0424-4-2048x1365.jpg 2048w\" sizes=\"auto, (max-width: 1024px) 100vw, 1024px\" \/><\/figure><\/li><li class=\"wp-block-jetpack-slideshow_slide swiper-slide\"><figure><img loading=\"lazy\" decoding=\"async\" width=\"1024\" height=\"683\" alt=\"\" class=\"wp-block-jetpack-slideshow_image wp-image-1374\" data-id=\"1374\" src=\"https:\/\/www.echange-afrique-insa.fr\/wp-content\/uploads\/2024\/09\/IMG_0437-4-1024x683.jpg\" srcset=\"https:\/\/www.echange-afrique-insa.fr\/wp-content\/uploads\/2024\/09\/IMG_0437-4-1024x683.jpg 1024w, https:\/\/www.echange-afrique-insa.fr\/wp-content\/uploads\/2024\/09\/IMG_0437-4-300x200.jpg 300w, https:\/\/www.echange-afrique-insa.fr\/wp-content\/uploads\/2024\/09\/IMG_0437-4-768x512.jpg 768w, https:\/\/www.echange-afrique-insa.fr\/wp-content\/uploads\/2024\/09\/IMG_0437-4-1536x1024.jpg 1536w, https:\/\/www.echange-afrique-insa.fr\/wp-content\/uploads\/2024\/09\/IMG_0437-4-2048x1365.jpg 2048w\" sizes=\"auto, (max-width: 1024px) 100vw, 1024px\" \/><\/figure><\/li><li class=\"wp-block-jetpack-slideshow_slide swiper-slide\"><figure><img loading=\"lazy\" decoding=\"async\" width=\"1024\" height=\"683\" alt=\"\" class=\"wp-block-jetpack-slideshow_image wp-image-1377\" data-id=\"1377\" src=\"https:\/\/www.echange-afrique-insa.fr\/wp-content\/uploads\/2024\/09\/IMG_0475-3-1024x683.jpg\" srcset=\"https:\/\/www.echange-afrique-insa.fr\/wp-content\/uploads\/2024\/09\/IMG_0475-3-1024x683.jpg 1024w, https:\/\/www.echange-afrique-insa.fr\/wp-content\/uploads\/2024\/09\/IMG_0475-3-300x200.jpg 300w, https:\/\/www.echange-afrique-insa.fr\/wp-content\/uploads\/2024\/09\/IMG_0475-3-768x512.jpg 768w, https:\/\/www.echange-afrique-insa.fr\/wp-content\/uploads\/2024\/09\/IMG_0475-3-1536x1024.jpg 1536w, https:\/\/www.echange-afrique-insa.fr\/wp-content\/uploads\/2024\/09\/IMG_0475-3-2048x1365.jpg 2048w\" sizes=\"auto, (max-width: 1024px) 100vw, 1024px\" \/><\/figure><\/li><li class=\"wp-block-jetpack-slideshow_slide swiper-slide\"><figure><img loading=\"lazy\" decoding=\"async\" width=\"1024\" height=\"683\" alt=\"\" class=\"wp-block-jetpack-slideshow_image wp-image-1379\" data-id=\"1379\" src=\"https:\/\/www.echange-afrique-insa.fr\/wp-content\/uploads\/2024\/09\/IMG_0507-3-1024x683.jpg\" srcset=\"https:\/\/www.echange-afrique-insa.fr\/wp-content\/uploads\/2024\/09\/IMG_0507-3-1024x683.jpg 1024w, https:\/\/www.echange-afrique-insa.fr\/wp-content\/uploads\/2024\/09\/IMG_0507-3-300x200.jpg 300w, https:\/\/www.echange-afrique-insa.fr\/wp-content\/uploads\/2024\/09\/IMG_0507-3-768x512.jpg 768w, https:\/\/www.echange-afrique-insa.fr\/wp-content\/uploads\/2024\/09\/IMG_0507-3-1536x1024.jpg 1536w, https:\/\/www.echange-afrique-insa.fr\/wp-content\/uploads\/2024\/09\/IMG_0507-3-2048x1365.jpg 2048w\" sizes=\"auto, (max-width: 1024px) 100vw, 1024px\" \/><\/figure><\/li><li class=\"wp-block-jetpack-slideshow_slide swiper-slide\"><figure><img loading=\"lazy\" decoding=\"async\" width=\"1024\" height=\"683\" alt=\"\" class=\"wp-block-jetpack-slideshow_image wp-image-1381\" data-id=\"1381\" src=\"https:\/\/www.echange-afrique-insa.fr\/wp-content\/uploads\/2024\/09\/IMG_0512-2-1024x683.jpg\" srcset=\"https:\/\/www.echange-afrique-insa.fr\/wp-content\/uploads\/2024\/09\/IMG_0512-2-1024x683.jpg 1024w, https:\/\/www.echange-afrique-insa.fr\/wp-content\/uploads\/2024\/09\/IMG_0512-2-300x200.jpg 300w, https:\/\/www.echange-afrique-insa.fr\/wp-content\/uploads\/2024\/09\/IMG_0512-2-768x512.jpg 768w, https:\/\/www.echange-afrique-insa.fr\/wp-content\/uploads\/2024\/09\/IMG_0512-2-1536x1024.jpg 1536w, https:\/\/www.echange-afrique-insa.fr\/wp-content\/uploads\/2024\/09\/IMG_0512-2-2048x1365.jpg 2048w\" sizes=\"auto, (max-width: 1024px) 100vw, 1024px\" \/><\/figure><\/li><li class=\"wp-block-jetpack-slideshow_slide swiper-slide\"><figure><img loading=\"lazy\" decoding=\"async\" width=\"683\" height=\"1024\" alt=\"\" class=\"wp-block-jetpack-slideshow_image wp-image-1382\" data-id=\"1382\" src=\"https:\/\/www.echange-afrique-insa.fr\/wp-content\/uploads\/2024\/09\/IMG_0519-3-683x1024.jpg\" srcset=\"https:\/\/www.echange-afrique-insa.fr\/wp-content\/uploads\/2024\/09\/IMG_0519-3-683x1024.jpg 683w, https:\/\/www.echange-afrique-insa.fr\/wp-content\/uploads\/2024\/09\/IMG_0519-3-200x300.jpg 200w, https:\/\/www.echange-afrique-insa.fr\/wp-content\/uploads\/2024\/09\/IMG_0519-3-768x1152.jpg 768w, https:\/\/www.echange-afrique-insa.fr\/wp-content\/uploads\/2024\/09\/IMG_0519-3-1024x1536.jpg 1024w, https:\/\/www.echange-afrique-insa.fr\/wp-content\/uploads\/2024\/09\/IMG_0519-3-1365x2048.jpg 1365w, https:\/\/www.echange-afrique-insa.fr\/wp-content\/uploads\/2024\/09\/IMG_0519-3-scaled.jpg 1707w\" sizes=\"auto, (max-width: 683px) 100vw, 683px\" \/><\/figure><\/li><li class=\"wp-block-jetpack-slideshow_slide swiper-slide\"><figure><img loading=\"lazy\" decoding=\"async\" width=\"768\" height=\"1024\" alt=\"\" class=\"wp-block-jetpack-slideshow_image wp-image-1383\" data-id=\"1383\" src=\"https:\/\/www.echange-afrique-insa.fr\/wp-content\/uploads\/2024\/09\/Orly-2-3-768x1024.jpg\" srcset=\"https:\/\/www.echange-afrique-insa.fr\/wp-content\/uploads\/2024\/09\/Orly-2-3-768x1024.jpg 768w, https:\/\/www.echange-afrique-insa.fr\/wp-content\/uploads\/2024\/09\/Orly-2-3-225x300.jpg 225w, https:\/\/www.echange-afrique-insa.fr\/wp-content\/uploads\/2024\/09\/Orly-2-3-1152x1536.jpg 1152w, https:\/\/www.echange-afrique-insa.fr\/wp-content\/uploads\/2024\/09\/Orly-2-3.jpg 1536w\" sizes=\"auto, (max-width: 768px) 100vw, 768px\" \/><\/figure><\/li><li class=\"wp-block-jetpack-slideshow_slide swiper-slide\"><figure><img loading=\"lazy\" decoding=\"async\" width=\"1024\" height=\"768\" alt=\"\" class=\"wp-block-jetpack-slideshow_image wp-image-1384\" data-id=\"1384\" src=\"https:\/\/www.echange-afrique-insa.fr\/wp-content\/uploads\/2024\/09\/P1140731-2-1024x768.jpg\" srcset=\"https:\/\/www.echange-afrique-insa.fr\/wp-content\/uploads\/2024\/09\/P1140731-2-1024x768.jpg 1024w, https:\/\/www.echange-afrique-insa.fr\/wp-content\/uploads\/2024\/09\/P1140731-2-300x225.jpg 300w, https:\/\/www.echange-afrique-insa.fr\/wp-content\/uploads\/2024\/09\/P1140731-2-768x576.jpg 768w, https:\/\/www.echange-afrique-insa.fr\/wp-content\/uploads\/2024\/09\/P1140731-2-1536x1152.jpg 1536w, https:\/\/www.echange-afrique-insa.fr\/wp-content\/uploads\/2024\/09\/P1140731-2-2048x1536.jpg 2048w\" sizes=\"auto, (max-width: 1024px) 100vw, 1024px\" \/><\/figure><\/li><\/ul><a class=\"wp-block-jetpack-slideshow_button-prev swiper-button-prev swiper-button-white\" role=\"button\"><\/a><a class=\"wp-block-jetpack-slideshow_button-next swiper-button-next swiper-button-white\" role=\"button\"><\/a><a aria-label=\"Pause Slideshow\" class=\"wp-block-jetpack-slideshow_button-pause\" role=\"button\"><\/a><div class=\"wp-block-jetpack-slideshow_pagination swiper-pagination swiper-pagination-white\"><\/div><\/div><\/div>\n\n\n\n<h2 class=\"wp-block-heading\">Un \u00e9change<\/h2>\n\n\n\n<p>Apr\u00e8s ce beau voyage, nous avons pass\u00e9 3 semaines dans le village o\u00f9 nous avons \u00e9t\u00e9 merveilleusement accueillis par nos h\u00f4tes Isabelle et G\u00e9rard ! Ils sont tous les deux \u00e9tudiants \u00e0 Abidjan et nous ont guid\u00e9 dans le village, nous ont fait d\u00e9couvrir de nouvelles saveurs, nous ont aid\u00e9 sur le chantier, nous ont soign\u00e9, &#8230; bref nos anges gardiens. <\/p>\n\n\n\n<div class=\"wp-block-columns is-layout-flex wp-container-core-columns-is-layout-28f84493 wp-block-columns-is-layout-flex\">\n<div class=\"wp-block-column is-layout-flow wp-block-column-is-layout-flow\">\n<p class=\"has-text-align-center\">Pendant 3 semaines, nous avons v\u00e9cu au rythme du village : partir au champs pour r\u00e9colter manioc, igname ou piments le matin puis d\u00e9couvrir la pr\u00e9paration de l&rsquo;atti\u00e9k\u00e9 l&rsquo;apr\u00e8s-midi et le soir piler le foutou. Une nouvelle journ\u00e9e commen\u00e7ait o\u00f9 le matin nous d\u00e9couvrions les plantations de palmes pour ensuite \u00ab\u00a0grainer\u00a0\u00bb l&rsquo;apr\u00e8s-midi, c&rsquo;est-\u00e0-dire r\u00e9cup\u00e9rer les graines de palmes pour pouvoir r\u00e9cup\u00e9rer l&rsquo;huile. La semaine se terminait par la messe bien diff\u00e9rente de celle connue en France, un moment de f\u00eate et de danse pendant 3h.<\/p>\n<\/div>\n\n\n\n<div class=\"wp-block-column is-layout-flow wp-block-column-is-layout-flow\">\n<div class=\"wp-block-columns are-vertically-aligned-top is-layout-flex wp-container-core-columns-is-layout-28f84493 wp-block-columns-is-layout-flex\">\n<div class=\"wp-block-column is-vertically-aligned-top is-layout-flow wp-block-column-is-layout-flow\" style=\"flex-basis:100%\">\n<div class=\"wp-block-group is-layout-flow wp-block-group-is-layout-flow\">\n<div class=\"wp-block-jetpack-story wp-story\"><\/div>\n<\/div>\n<\/div>\n<\/div>\n<\/div>\n<\/div>\n\n\n\n<p>De par son isolement le village fonctionne en circuit-court, un mod\u00e8le de consommation qui devient \u00e0 la mode en occident mais qui fonctionne tr\u00e8s bien dans les villages en C\u00f4te d&rsquo;Ivoire. Chacun a son champs et garde une partie de sa production pour la consommation de sa famille et le surplus est vendu au march\u00e9 qui se tient chaque lundi. On y retrouve de l&rsquo;alimentaire et la production du village mais aussi des outils et pi\u00e8ges pour la chasse, des pagnes, des produits d&rsquo;hygi\u00e8ne et d&rsquo;entretien, &#8230; Le reste de la semaine vous pouvez trouver votre bonheur dans deux petites \u00e9piceries.<\/p>\n\n\n\n<p>Tout comme le mode de consommation, le fonctionnement \u00ab\u00a0politique\u00a0\u00bb du village est bien diff\u00e9rent de la France. On retrouve une chefferie dont il est coutume de saluer en tant que nouvel arrivant au village. La chefferie a comme mission principale de r\u00e9gler les conflits dans le village. Cela se passe pr\u00e8s d&rsquo;un arbre, l&rsquo;arbre \u00e0 palabre o\u00f9 la chefferie r\u00e9concilie les deux parties du conflit. La chefferie ex\u00e9cute aussi les diff\u00e9rents rites comme la libation qui consiste \u00e0 verser un alcool sur le sol et prononcer des incantations pour souhaiter la r\u00e9ussite. A Konan N&rsquo;Drikro, il n&rsquo;y a plus de chef depuis 2021 alors la chefferie est compos\u00e9e de trois chefs en attendant une nouvelle d\u00e9signation.<\/p>\n\n\n\n<h2 class=\"wp-block-heading\">Une \u00e9cole haute en couleurs<\/h2>\n\n\n\n<p>Nous sommes arriv\u00e9s \u00e0 la fin des travaux de ma\u00e7onnerie de l&rsquo;\u00e9cole. D\u00e8s l&rsquo;enduit termin\u00e9 nous avons pu commencer \u00e0 poncer les murs afin d&rsquo;enlever la couche de sable et de poussi\u00e8re de mani\u00e8re \u00e0 ce que la peinture accroche bien. Un peintre \u00e9tait missionn\u00e9 pour appliquer la peinture \u00e0 l&rsquo;huile \u00e0 l&rsquo;int\u00e9rieur des classes en respectant les consignes de la ma\u00eetresse. Elle souhaitait que les enfants puissent distinguer leur classe par couleur : rose, vert et orange. De notre c\u00f4t\u00e9, nous \u00e9tions libres sur la peinture ext\u00e9rieure. Nous avons peint une fresque et des dessins sur la fa\u00e7ade. Pour marquer la fin des travaux de l&rsquo;\u00e9cole maternelle, nous avons convi\u00e9 tous les enfants (et adultes) \u00e0 venir mettre leur main \u00e0 la peinture sur l&rsquo;\u00e9cole !<\/p>\n\n\n\n<div class=\"wp-block-jetpack-slideshow aligncenter\" data-effect=\"slide\"><div class=\"wp-block-jetpack-slideshow_container swiper-container\"><ul class=\"wp-block-jetpack-slideshow_swiper-wrapper swiper-wrapper\"><li class=\"wp-block-jetpack-slideshow_slide swiper-slide\"><figure><img loading=\"lazy\" decoding=\"async\" width=\"1024\" height=\"683\" alt=\"\" class=\"wp-block-jetpack-slideshow_image wp-image-1395\" data-id=\"1395\" src=\"https:\/\/www.echange-afrique-insa.fr\/wp-content\/uploads\/2024\/09\/IMG_0756-1024x683.jpg\" srcset=\"https:\/\/www.echange-afrique-insa.fr\/wp-content\/uploads\/2024\/09\/IMG_0756-1024x683.jpg 1024w, https:\/\/www.echange-afrique-insa.fr\/wp-content\/uploads\/2024\/09\/IMG_0756-300x200.jpg 300w, https:\/\/www.echange-afrique-insa.fr\/wp-content\/uploads\/2024\/09\/IMG_0756-768x512.jpg 768w, https:\/\/www.echange-afrique-insa.fr\/wp-content\/uploads\/2024\/09\/IMG_0756-1536x1024.jpg 1536w, https:\/\/www.echange-afrique-insa.fr\/wp-content\/uploads\/2024\/09\/IMG_0756-2048x1365.jpg 2048w\" sizes=\"auto, (max-width: 1024px) 100vw, 1024px\" \/><\/figure><\/li><li class=\"wp-block-jetpack-slideshow_slide swiper-slide\"><figure><img loading=\"lazy\" decoding=\"async\" width=\"1024\" height=\"683\" alt=\"\" class=\"wp-block-jetpack-slideshow_image wp-image-1396\" data-id=\"1396\" src=\"https:\/\/www.echange-afrique-insa.fr\/wp-content\/uploads\/2024\/09\/IMG_0760-1024x683.jpg\" srcset=\"https:\/\/www.echange-afrique-insa.fr\/wp-content\/uploads\/2024\/09\/IMG_0760-1024x683.jpg 1024w, https:\/\/www.echange-afrique-insa.fr\/wp-content\/uploads\/2024\/09\/IMG_0760-300x200.jpg 300w, https:\/\/www.echange-afrique-insa.fr\/wp-content\/uploads\/2024\/09\/IMG_0760-768x512.jpg 768w, https:\/\/www.echange-afrique-insa.fr\/wp-content\/uploads\/2024\/09\/IMG_0760-1536x1024.jpg 1536w, https:\/\/www.echange-afrique-insa.fr\/wp-content\/uploads\/2024\/09\/IMG_0760-2048x1365.jpg 2048w\" sizes=\"auto, (max-width: 1024px) 100vw, 1024px\" \/><\/figure><\/li><li class=\"wp-block-jetpack-slideshow_slide swiper-slide\"><figure><img loading=\"lazy\" decoding=\"async\" width=\"1024\" height=\"683\" alt=\"\" class=\"wp-block-jetpack-slideshow_image wp-image-1397\" data-id=\"1397\" src=\"https:\/\/www.echange-afrique-insa.fr\/wp-content\/uploads\/2024\/09\/IMG_0827-1024x683.jpg\" srcset=\"https:\/\/www.echange-afrique-insa.fr\/wp-content\/uploads\/2024\/09\/IMG_0827-1024x683.jpg 1024w, https:\/\/www.echange-afrique-insa.fr\/wp-content\/uploads\/2024\/09\/IMG_0827-300x200.jpg 300w, https:\/\/www.echange-afrique-insa.fr\/wp-content\/uploads\/2024\/09\/IMG_0827-768x512.jpg 768w, https:\/\/www.echange-afrique-insa.fr\/wp-content\/uploads\/2024\/09\/IMG_0827-1536x1024.jpg 1536w, https:\/\/www.echange-afrique-insa.fr\/wp-content\/uploads\/2024\/09\/IMG_0827-2048x1365.jpg 2048w\" sizes=\"auto, (max-width: 1024px) 100vw, 1024px\" \/><\/figure><\/li><li class=\"wp-block-jetpack-slideshow_slide swiper-slide\"><figure><img loading=\"lazy\" decoding=\"async\" width=\"683\" height=\"1024\" alt=\"\" class=\"wp-block-jetpack-slideshow_image wp-image-1398\" data-id=\"1398\" src=\"https:\/\/www.echange-afrique-insa.fr\/wp-content\/uploads\/2024\/09\/IMG_1004-683x1024.jpg\" srcset=\"https:\/\/www.echange-afrique-insa.fr\/wp-content\/uploads\/2024\/09\/IMG_1004-683x1024.jpg 683w, https:\/\/www.echange-afrique-insa.fr\/wp-content\/uploads\/2024\/09\/IMG_1004-200x300.jpg 200w, https:\/\/www.echange-afrique-insa.fr\/wp-content\/uploads\/2024\/09\/IMG_1004-768x1152.jpg 768w, https:\/\/www.echange-afrique-insa.fr\/wp-content\/uploads\/2024\/09\/IMG_1004-1024x1536.jpg 1024w, https:\/\/www.echange-afrique-insa.fr\/wp-content\/uploads\/2024\/09\/IMG_1004-1365x2048.jpg 1365w, https:\/\/www.echange-afrique-insa.fr\/wp-content\/uploads\/2024\/09\/IMG_1004-scaled.jpg 1707w\" sizes=\"auto, (max-width: 683px) 100vw, 683px\" \/><\/figure><\/li><li class=\"wp-block-jetpack-slideshow_slide swiper-slide\"><figure><img loading=\"lazy\" decoding=\"async\" width=\"1024\" height=\"683\" alt=\"\" class=\"wp-block-jetpack-slideshow_image wp-image-1400\" data-id=\"1400\" src=\"https:\/\/www.echange-afrique-insa.fr\/wp-content\/uploads\/2024\/09\/IMG_1022-1024x683.jpg\" srcset=\"https:\/\/www.echange-afrique-insa.fr\/wp-content\/uploads\/2024\/09\/IMG_1022-1024x683.jpg 1024w, https:\/\/www.echange-afrique-insa.fr\/wp-content\/uploads\/2024\/09\/IMG_1022-300x200.jpg 300w, https:\/\/www.echange-afrique-insa.fr\/wp-content\/uploads\/2024\/09\/IMG_1022-768x512.jpg 768w, https:\/\/www.echange-afrique-insa.fr\/wp-content\/uploads\/2024\/09\/IMG_1022-1536x1024.jpg 1536w, https:\/\/www.echange-afrique-insa.fr\/wp-content\/uploads\/2024\/09\/IMG_1022-2048x1365.jpg 2048w\" sizes=\"auto, (max-width: 1024px) 100vw, 1024px\" \/><\/figure><\/li><li class=\"wp-block-jetpack-slideshow_slide swiper-slide\"><figure><img loading=\"lazy\" decoding=\"async\" width=\"1024\" height=\"683\" alt=\"\" class=\"wp-block-jetpack-slideshow_image wp-image-1401\" data-id=\"1401\" src=\"https:\/\/www.echange-afrique-insa.fr\/wp-content\/uploads\/2024\/09\/IMG_1042-1024x683.jpg\" srcset=\"https:\/\/www.echange-afrique-insa.fr\/wp-content\/uploads\/2024\/09\/IMG_1042-1024x683.jpg 1024w, https:\/\/www.echange-afrique-insa.fr\/wp-content\/uploads\/2024\/09\/IMG_1042-300x200.jpg 300w, https:\/\/www.echange-afrique-insa.fr\/wp-content\/uploads\/2024\/09\/IMG_1042-768x512.jpg 768w, https:\/\/www.echange-afrique-insa.fr\/wp-content\/uploads\/2024\/09\/IMG_1042-1536x1024.jpg 1536w, https:\/\/www.echange-afrique-insa.fr\/wp-content\/uploads\/2024\/09\/IMG_1042-2048x1365.jpg 2048w\" sizes=\"auto, (max-width: 1024px) 100vw, 1024px\" \/><\/figure><\/li><li class=\"wp-block-jetpack-slideshow_slide swiper-slide\"><figure><img loading=\"lazy\" decoding=\"async\" width=\"683\" height=\"1024\" alt=\"\" class=\"wp-block-jetpack-slideshow_image wp-image-1399\" data-id=\"1399\" src=\"https:\/\/www.echange-afrique-insa.fr\/wp-content\/uploads\/2024\/09\/IMG_1017-683x1024.jpg\" srcset=\"https:\/\/www.echange-afrique-insa.fr\/wp-content\/uploads\/2024\/09\/IMG_1017-683x1024.jpg 683w, https:\/\/www.echange-afrique-insa.fr\/wp-content\/uploads\/2024\/09\/IMG_1017-200x300.jpg 200w, https:\/\/www.echange-afrique-insa.fr\/wp-content\/uploads\/2024\/09\/IMG_1017-768x1152.jpg 768w, https:\/\/www.echange-afrique-insa.fr\/wp-content\/uploads\/2024\/09\/IMG_1017-1024x1536.jpg 1024w, https:\/\/www.echange-afrique-insa.fr\/wp-content\/uploads\/2024\/09\/IMG_1017-1365x2048.jpg 1365w, https:\/\/www.echange-afrique-insa.fr\/wp-content\/uploads\/2024\/09\/IMG_1017-scaled.jpg 1707w\" sizes=\"auto, (max-width: 683px) 100vw, 683px\" \/><\/figure><\/li><li class=\"wp-block-jetpack-slideshow_slide swiper-slide\"><figure><img loading=\"lazy\" decoding=\"async\" width=\"683\" height=\"1024\" alt=\"\" class=\"wp-block-jetpack-slideshow_image wp-image-1406\" data-id=\"1406\" src=\"https:\/\/www.echange-afrique-insa.fr\/wp-content\/uploads\/2024\/09\/IMG_1170-683x1024.jpg\" srcset=\"https:\/\/www.echange-afrique-insa.fr\/wp-content\/uploads\/2024\/09\/IMG_1170-683x1024.jpg 683w, https:\/\/www.echange-afrique-insa.fr\/wp-content\/uploads\/2024\/09\/IMG_1170-200x300.jpg 200w, https:\/\/www.echange-afrique-insa.fr\/wp-content\/uploads\/2024\/09\/IMG_1170-768x1152.jpg 768w, https:\/\/www.echange-afrique-insa.fr\/wp-content\/uploads\/2024\/09\/IMG_1170-1024x1536.jpg 1024w, https:\/\/www.echange-afrique-insa.fr\/wp-content\/uploads\/2024\/09\/IMG_1170-1365x2048.jpg 1365w, https:\/\/www.echange-afrique-insa.fr\/wp-content\/uploads\/2024\/09\/IMG_1170-scaled.jpg 1707w\" sizes=\"auto, (max-width: 683px) 100vw, 683px\" \/><\/figure><\/li><li class=\"wp-block-jetpack-slideshow_slide swiper-slide\"><figure><img loading=\"lazy\" decoding=\"async\" width=\"1024\" height=\"683\" alt=\"\" class=\"wp-block-jetpack-slideshow_image wp-image-1404\" data-id=\"1404\" src=\"https:\/\/www.echange-afrique-insa.fr\/wp-content\/uploads\/2024\/09\/IMG_1051-1024x683.jpg\" srcset=\"https:\/\/www.echange-afrique-insa.fr\/wp-content\/uploads\/2024\/09\/IMG_1051-1024x683.jpg 1024w, https:\/\/www.echange-afrique-insa.fr\/wp-content\/uploads\/2024\/09\/IMG_1051-300x200.jpg 300w, https:\/\/www.echange-afrique-insa.fr\/wp-content\/uploads\/2024\/09\/IMG_1051-768x512.jpg 768w, https:\/\/www.echange-afrique-insa.fr\/wp-content\/uploads\/2024\/09\/IMG_1051-1536x1024.jpg 1536w, https:\/\/www.echange-afrique-insa.fr\/wp-content\/uploads\/2024\/09\/IMG_1051-2048x1365.jpg 2048w\" sizes=\"auto, (max-width: 1024px) 100vw, 1024px\" \/><\/figure><\/li><li class=\"wp-block-jetpack-slideshow_slide swiper-slide\"><figure><img loading=\"lazy\" decoding=\"async\" width=\"1024\" height=\"683\" alt=\"\" class=\"wp-block-jetpack-slideshow_image wp-image-1405\" data-id=\"1405\" src=\"https:\/\/www.echange-afrique-insa.fr\/wp-content\/uploads\/2024\/09\/IMG_1061-1024x683.jpg\" srcset=\"https:\/\/www.echange-afrique-insa.fr\/wp-content\/uploads\/2024\/09\/IMG_1061-1024x683.jpg 1024w, https:\/\/www.echange-afrique-insa.fr\/wp-content\/uploads\/2024\/09\/IMG_1061-300x200.jpg 300w, https:\/\/www.echange-afrique-insa.fr\/wp-content\/uploads\/2024\/09\/IMG_1061-768x512.jpg 768w, https:\/\/www.echange-afrique-insa.fr\/wp-content\/uploads\/2024\/09\/IMG_1061-1536x1024.jpg 1536w, https:\/\/www.echange-afrique-insa.fr\/wp-content\/uploads\/2024\/09\/IMG_1061-2048x1365.jpg 2048w\" sizes=\"auto, (max-width: 1024px) 100vw, 1024px\" \/><\/figure><\/li><\/ul><a class=\"wp-block-jetpack-slideshow_button-prev swiper-button-prev swiper-button-white\" role=\"button\"><\/a><a class=\"wp-block-jetpack-slideshow_button-next swiper-button-next swiper-button-white\" role=\"button\"><\/a><a aria-label=\"Pause Slideshow\" class=\"wp-block-jetpack-slideshow_button-pause\" role=\"button\"><\/a><div class=\"wp-block-jetpack-slideshow_pagination swiper-pagination swiper-pagination-white\"><\/div><\/div><\/div>\n\n\n\n<p class=\"has-text-align-center\"><strong>Voil\u00e0 l&rsquo;\u00e9cole finie tout comme notre voyage qui s&rsquo;est termin\u00e9 dans la joie lors d&rsquo;une c\u00e9r\u00e9monie d&rsquo;inauguration grandiose ! D\u00e9couvrez la vid\u00e9o finale de notre projet ci-dessous !<\/strong><\/p>\n\n\n\n<figure class=\"wp-block-embed is-type-video is-provider-youtube wp-block-embed-youtube wp-embed-aspect-16-9 wp-has-aspect-ratio\"><div class=\"wp-block-embed__wrapper\">\n<iframe loading=\"lazy\" title=\"Akwaba en C\u00f4te d&#039;Ivoire avec l&#039;EAI 2024\" width=\"500\" height=\"281\" src=\"https:\/\/www.youtube.com\/embed\/XSVKwQJ0WGw?feature=oembed\" frameborder=\"0\" allow=\"accelerometer; autoplay; clipboard-write; encrypted-media; gyroscope; picture-in-picture; web-share\" referrerpolicy=\"strict-origin-when-cross-origin\" allowfullscreen><\/iframe>\n<\/div><\/figure>\n\n\n\n<p><em>C&rsquo;est termin\u00e9 pour l&rsquo;\u00e9quipe 2024, mais apr\u00e8s 30 ans d&rsquo;existence l&rsquo;Echange Afrique INSA est loin d&rsquo;\u00eatre fini ! Alors suivez-nous sur Instagram, Facebook et Linkedin pour \u00eatre au courant de nos prochains projets&#8230;<\/em><\/p>\n","protected":false},"excerpt":{"rendered":"<p>12 etudiants et 5 p\u00f4les Un village Cette ann\u00e9e nous avons d\u00e9cid\u00e9 d&rsquo;aider le village de Konan N&rsquo;Dridko, en C\u00f4te d&rsquo;Ivoire. Konan N&rsquo;Drikro se trouve en r\u00e9gion baoulais \u00e0 environ 3h en voiture de Yamoussoukro la capitale politique de la C\u00f4te d&rsquo;Ivoire. Desservi par une seule piste en terre, il abrite 1700 habitants dont une [&hellip;]<\/p>\n","protected":false},"author":1,"featured_media":0,"parent":0,"menu_order":0,"comment_status":"closed","ping_status":"closed","template":"page-no-title","meta":{"footnotes":""},"class_list":["post-1298","page","type-page","status-publish","hentry"],"_links":{"self":[{"href":"https:\/\/www.echange-afrique-insa.fr\/index.php\/wp-json\/wp\/v2\/pages\/1298","targetHints":{"allow":["GET"]}}],"collection":[{"href":"https:\/\/www.echange-afrique-insa.fr\/index.php\/wp-json\/wp\/v2\/pages"}],"about":[{"href":"https:\/\/www.echange-afrique-insa.fr\/index.php\/wp-json\/wp\/v2\/types\/page"}],"author":[{"embeddable":true,"href":"https:\/\/www.echange-afrique-insa.fr\/index.php\/wp-json\/wp\/v2\/users\/1"}],"replies":[{"embeddable":true,"href":"https:\/\/www.echange-afrique-insa.fr\/index.php\/wp-json\/wp\/v2\/comments?post=1298"}],"version-history":[{"count":0,"href":"https:\/\/www.echange-afrique-insa.fr\/index.php\/wp-json\/wp\/v2\/pages\/1298\/revisions"}],"wp:attachment":[{"href":"https:\/\/www.echange-afrique-insa.fr\/index.php\/wp-json\/wp\/v2\/media?parent=1298"}],"curies":[{"name":"wp","href":"https:\/\/api.w.org\/{rel}","templated":true}]}}