{"id":1440,"date":"2025-01-31T13:12:06","date_gmt":"2025-01-31T12:12:06","guid":{"rendered":"https:\/\/www.echange-afrique-insa.fr\/?page_id=1440"},"modified":"2026-04-21T16:40:44","modified_gmt":"2026-04-21T15:40:44","slug":"projet-2025","status":"publish","type":"page","link":"https:\/\/www.echange-afrique-insa.fr\/index.php\/projet-2025\/","title":{"rendered":"Projet 2025"},"content":{"rendered":"<!-- Frise chronologique \u2013 \u00c9change Afrique INSA -->\n<style>\n.eai-frise * { box-sizing: border-box; }\n.eai-frise {\n  font-family: -apple-system, BlinkMacSystemFont, 'Segoe UI', Roboto, Oxygen, Ubuntu, sans-serif;\n  max-width: 1100px;\n  margin: 2rem auto;\n  padding: 1rem 1.25rem;\n}\n.eai-frise-track {\n  position: relative;\n  display: flex;\n  justify-content: space-between;\n  align-items: center;\n  padding: 1rem 0.5rem 1.5rem;\n  gap: 0.25rem;\n}\n.eai-frise-track::before {\n  content: \"\";\n  position: absolute;\n  top: calc(1rem + 30px);\n  left: 5%;\n  right: 5%;\n  height: 3px;\n  background: linear-gradient(90deg, #FB923C, #EA580C, #B45309);\n  border-radius: 2px;\n  z-index: 0;\n}\n.eai-frise-year {\n  position: relative;\n  z-index: 1;\n  text-decoration: none !important;\n  display: flex;\n  flex-direction: column;\n  align-items: center;\n  gap: 0.5rem;\n  transition: transform 0.25s ease;\n  flex: 1;\n  min-width: 0;\n}\n.eai-frise-year:hover { transform: translateY(-6px); }\n.eai-frise-dot {\n  width: 60px;\n  height: 60px;\n  border-radius: 50%;\n  background: #FFFFFF;\n  border: 3px solid #EA580C;\n  display: flex;\n  align-items: center;\n  justify-content: center;\n  font-weight: 700;\n  color: #7C2D12;\n  font-size: 0.95rem;\n  box-shadow: 0 3px 10px rgba(234, 88, 12, 0.2);\n  transition: all 0.25s ease;\n}\n.eai-frise-year:hover .eai-frise-dot {\n  background: #EA580C;\n  color: #FFFFFF;\n  border-color: #7C2D12;\n  box-shadow: 0 6px 16px rgba(234, 88, 12, 0.4);\n}\n.eai-frise-label {\n  font-size: 0.8rem;\n  color: #78716C;\n  font-weight: 500;\n  text-align: center;\n  opacity: 0;\n  transform: translateY(-4px);\n  transition: all 0.25s ease;\n}\n.eai-frise-year:hover .eai-frise-label {\n  opacity: 1;\n  color: #7C2D12;\n  transform: translateY(0);\n}\n@media (max-width: 720px) {\n  .eai-frise { padding: 1rem; }\n  .eai-frise-track {\n    flex-direction: column;\n    padding: 1rem;\n    gap: 1.25rem;\n  }\n  .eai-frise-track::before {\n    left: 50%;\n    top: 2rem;\n    bottom: 2rem;\n    right: auto;\n    width: 3px;\n    height: auto;\n    background: linear-gradient(180deg, #FB923C, #EA580C, #B45309);\n    transform: translateX(-50%);\n  }\n  .eai-frise-year {\n    flex-direction: row;\n    gap: 1rem;\n    width: 100%;\n    justify-content: flex-start;\n    padding-left: 30%;\n  }\n  .eai-frise-label { opacity: 1; transform: none; }\n}\n<\/style>\n\n<div class=\"eai-frise\">\n  <div class=\"eai-frise-track\">\n    <a class=\"eai-frise-year\" href=\"\/index.php\/projet-2017\/\"><div class=\"eai-frise-dot\">2017<\/div><span class=\"eai-frise-label\">Voir \u2192<\/span><\/a>\n    <a class=\"eai-frise-year\" href=\"\/index.php\/projet-2018\/\"><div class=\"eai-frise-dot\">2018<\/div><span class=\"eai-frise-label\">Voir \u2192<\/span><\/a>\n    <a class=\"eai-frise-year\" href=\"\/index.php\/projet-2019\/\"><div class=\"eai-frise-dot\">2019<\/div><span class=\"eai-frise-label\">Voir \u2192<\/span><\/a>\n    <a class=\"eai-frise-year\" href=\"\/index.php\/projet-2020\/\"><div class=\"eai-frise-dot\">2020<\/div><span class=\"eai-frise-label\">Voir \u2192<\/span><\/a>\n    <a class=\"eai-frise-year\" href=\"\/index.php\/projet-2021\/\"><div class=\"eai-frise-dot\">2021<\/div><span class=\"eai-frise-label\">Voir \u2192<\/span><\/a>\n    <a class=\"eai-frise-year\" href=\"\/index.php\/projet-2022\/\"><div class=\"eai-frise-dot\">2022<\/div><span class=\"eai-frise-label\">Voir \u2192<\/span><\/a>\n    <a class=\"eai-frise-year\" href=\"\/index.php\/projet-2023\/\"><div class=\"eai-frise-dot\">2023<\/div><span class=\"eai-frise-label\">Voir \u2192<\/span><\/a>\n    <a class=\"eai-frise-year\" href=\"\/index.php\/projet-2024\/\"><div class=\"eai-frise-dot\">2024<\/div><span class=\"eai-frise-label\">Voir \u2192<\/span><\/a>\n    <a class=\"eai-frise-year\" href=\"\/index.php\/projet-2025\/\"><div class=\"eai-frise-dot\">2025<\/div><span class=\"eai-frise-label\">Voir \u2192<\/span><\/a>\n  <\/div>\n<\/div>\n\n\n<p class=\"has-text-align-center has-luminous-vivid-orange-color has-text-color has-link-color wp-elements-1650a7d809a0c931b83c5ea4420f20d8\" style=\"font-size:clamp(18.959px, 1.185rem + ((1vw - 3.2px) * 1.15), 30px);\"><strong>L&rsquo;\u00e9quipe EAI 2025<\/strong><\/p>\n\n\n\n<p><\/p>\n\n\n\n<div class=\"wp-block-columns alignwide is-not-stacked-on-mobile is-layout-flex wp-container-core-columns-is-layout-4935966c wp-block-columns-is-layout-flex\" style=\"padding-right:0;padding-left:0\">\n<div class=\"wp-block-column is-layout-flow wp-block-column-is-layout-flow\">\n<figure class=\"wp-block-image size-full is-style-rounded is-style-rounded--1\"><img loading=\"lazy\" decoding=\"async\" width=\"342\" height=\"296\" src=\"https:\/\/www.echange-afrique-insa.fr\/wp-content\/uploads\/2025\/01\/Capture-decran-2025-01-26-170917.png\" alt=\"\" class=\"wp-image-1466\" style=\"aspect-ratio:1;object-fit:cover\" srcset=\"https:\/\/www.echange-afrique-insa.fr\/wp-content\/uploads\/2025\/01\/Capture-decran-2025-01-26-170917.png 342w, https:\/\/www.echange-afrique-insa.fr\/wp-content\/uploads\/2025\/01\/Capture-decran-2025-01-26-170917-300x260.png 300w\" sizes=\"auto, (max-width: 342px) 100vw, 342px\" \/><\/figure>\n\n\n\n<div class=\"wp-block-group is-vertical is-content-justification-center is-nowrap is-layout-flex wp-container-core-group-is-layout-21d4e958 wp-block-group-is-layout-flex\">\n<p class=\"has-text-align-center has-small-font-size\"><strong>C\u00e9leste LANTHIEZ<\/strong><\/p>\n\n\n\n<p class=\"has-text-align-center has-small-font-size\"><strong>P\u00f4le Pr\u00e9sidence<\/strong><\/p>\n<\/div>\n<\/div>\n\n\n\n<div class=\"wp-block-column is-layout-flow wp-block-column-is-layout-flow\">\n<figure class=\"wp-block-image size-full is-style-rounded is-style-rounded--2\"><img loading=\"lazy\" decoding=\"async\" width=\"310\" height=\"302\" src=\"https:\/\/www.echange-afrique-insa.fr\/wp-content\/uploads\/2025\/01\/Capture-decran-2025-01-26-170859.png\" alt=\"\" class=\"wp-image-1465\" style=\"aspect-ratio:1;object-fit:cover\" srcset=\"https:\/\/www.echange-afrique-insa.fr\/wp-content\/uploads\/2025\/01\/Capture-decran-2025-01-26-170859.png 310w, https:\/\/www.echange-afrique-insa.fr\/wp-content\/uploads\/2025\/01\/Capture-decran-2025-01-26-170859-300x292.png 300w\" sizes=\"auto, (max-width: 310px) 100vw, 310px\" \/><\/figure>\n\n\n\n<div class=\"wp-block-group is-vertical is-content-justification-center is-nowrap is-layout-flex wp-container-core-group-is-layout-21d4e958 wp-block-group-is-layout-flex\">\n<p class=\"has-text-align-center has-small-font-size\"><strong>Hippolyte BUCHARD <\/strong><\/p>\n\n\n\n<p class=\"has-text-align-center has-small-font-size\"><strong>P\u00f4le Pr\u00e9sidence<\/strong><\/p>\n<\/div>\n<\/div>\n\n\n\n<div class=\"wp-block-column is-layout-flow wp-block-column-is-layout-flow\">\n<figure class=\"wp-block-image size-full is-style-rounded is-style-rounded--3\"><img loading=\"lazy\" decoding=\"async\" width=\"339\" height=\"335\" src=\"https:\/\/www.echange-afrique-insa.fr\/wp-content\/uploads\/2025\/01\/Capture-decran-2025-01-26-172529.png\" alt=\"\" class=\"wp-image-1473\" style=\"aspect-ratio:1;object-fit:cover\" srcset=\"https:\/\/www.echange-afrique-insa.fr\/wp-content\/uploads\/2025\/01\/Capture-decran-2025-01-26-172529.png 339w, https:\/\/www.echange-afrique-insa.fr\/wp-content\/uploads\/2025\/01\/Capture-decran-2025-01-26-172529-300x296.png 300w\" sizes=\"auto, (max-width: 339px) 100vw, 339px\" \/><\/figure>\n\n\n\n<div class=\"wp-block-group is-vertical is-content-justification-center is-nowrap is-layout-flex wp-container-core-group-is-layout-21d4e958 wp-block-group-is-layout-flex\">\n<p class=\"has-text-align-center has-small-font-size\"><strong>Clara LOMBARD<\/strong><\/p>\n\n\n\n<p class=\"has-text-align-center has-small-font-size\"><strong>P\u00f4le Tr\u00e9sorerie<\/strong><\/p>\n<\/div>\n<\/div>\n\n\n\n<div class=\"wp-block-column is-layout-flow wp-block-column-is-layout-flow\">\n<figure class=\"wp-block-image size-full is-style-rounded is-style-rounded--4\"><img loading=\"lazy\" decoding=\"async\" width=\"331\" height=\"307\" src=\"https:\/\/www.echange-afrique-insa.fr\/wp-content\/uploads\/2025\/01\/Capture-decran-2025-01-27-120239.png\" alt=\"\" class=\"wp-image-1476\" style=\"aspect-ratio:1;object-fit:cover\" srcset=\"https:\/\/www.echange-afrique-insa.fr\/wp-content\/uploads\/2025\/01\/Capture-decran-2025-01-27-120239.png 331w, https:\/\/www.echange-afrique-insa.fr\/wp-content\/uploads\/2025\/01\/Capture-decran-2025-01-27-120239-300x278.png 300w\" sizes=\"auto, (max-width: 331px) 100vw, 331px\" \/><\/figure>\n\n\n\n<div class=\"wp-block-group is-vertical is-content-justification-center is-nowrap is-layout-flex wp-container-core-group-is-layout-63bfd6c1 wp-block-group-is-layout-flex\">\n<p class=\"has-text-align-center has-small-font-size\"><strong>Manao VALLON-LAGRANGE<\/strong><\/p>\n\n\n\n<p class=\"has-text-align-center has-small-font-size\"><strong>P\u00f4le Tr\u00e9sorerie<\/strong><\/p>\n<\/div>\n<\/div>\n\n\n\n<div class=\"wp-block-column is-layout-flow wp-block-column-is-layout-flow\">\n<figure class=\"wp-block-image size-full is-style-rounded is-style-rounded--5\"><img loading=\"lazy\" decoding=\"async\" width=\"393\" height=\"362\" src=\"https:\/\/www.echange-afrique-insa.fr\/wp-content\/uploads\/2025\/01\/Capture-decran-2025-01-26-171247.png\" alt=\"\" class=\"wp-image-1467\" style=\"aspect-ratio:1;object-fit:cover\" srcset=\"https:\/\/www.echange-afrique-insa.fr\/wp-content\/uploads\/2025\/01\/Capture-decran-2025-01-26-171247.png 393w, https:\/\/www.echange-afrique-insa.fr\/wp-content\/uploads\/2025\/01\/Capture-decran-2025-01-26-171247-300x276.png 300w\" sizes=\"auto, (max-width: 393px) 100vw, 393px\" \/><\/figure>\n\n\n\n<div class=\"wp-block-group is-vertical is-content-justification-center is-nowrap is-layout-flex wp-container-core-group-is-layout-63bfd6c1 wp-block-group-is-layout-flex\">\n<p class=\"has-text-align-center has-small-font-size\"><strong>Zia DESTAL<\/strong><\/p>\n\n\n\n<p class=\"has-text-align-center has-small-font-size\"><strong>P\u00f4le Com&amp;Voyage<\/strong><\/p>\n<\/div>\n<\/div>\n\n\n\n<div class=\"wp-block-column is-layout-flow wp-block-column-is-layout-flow\">\n<figure class=\"wp-block-image size-full is-style-rounded is-style-rounded--6\"><img loading=\"lazy\" decoding=\"async\" width=\"325\" height=\"351\" src=\"https:\/\/www.echange-afrique-insa.fr\/wp-content\/uploads\/2025\/01\/Capture-decran-2025-01-26-171647.png\" alt=\"\" class=\"wp-image-1471\" style=\"aspect-ratio:1;object-fit:cover\" srcset=\"https:\/\/www.echange-afrique-insa.fr\/wp-content\/uploads\/2025\/01\/Capture-decran-2025-01-26-171647.png 325w, https:\/\/www.echange-afrique-insa.fr\/wp-content\/uploads\/2025\/01\/Capture-decran-2025-01-26-171647-278x300.png 278w\" sizes=\"auto, (max-width: 325px) 100vw, 325px\" \/><\/figure>\n\n\n\n<div class=\"wp-block-group is-vertical is-content-justification-center is-nowrap is-layout-flex wp-container-core-group-is-layout-21d4e958 wp-block-group-is-layout-flex\">\n<p class=\"has-text-align-center has-small-font-size\"><strong>Louise GLOTIN<\/strong><\/p>\n\n\n\n<p class=\"has-text-align-center has-small-font-size\"><strong>P\u00f4le Com&amp;Voyage<\/strong><\/p>\n<\/div>\n<\/div>\n<\/div>\n\n\n\n<div class=\"wp-block-columns alignwide is-not-stacked-on-mobile is-layout-flex wp-container-core-columns-is-layout-4935966c wp-block-columns-is-layout-flex\" style=\"padding-right:0;padding-left:0\">\n<div class=\"wp-block-column is-layout-flow wp-block-column-is-layout-flow\">\n<figure class=\"wp-block-image size-full is-style-rounded is-style-rounded--7\"><img loading=\"lazy\" decoding=\"async\" width=\"354\" height=\"329\" src=\"https:\/\/www.echange-afrique-insa.fr\/wp-content\/uploads\/2025\/01\/Capture-decran-2025-01-26-171145.png\" alt=\"\" class=\"wp-image-1468\" style=\"aspect-ratio:1;object-fit:cover\" srcset=\"https:\/\/www.echange-afrique-insa.fr\/wp-content\/uploads\/2025\/01\/Capture-decran-2025-01-26-171145.png 354w, https:\/\/www.echange-afrique-insa.fr\/wp-content\/uploads\/2025\/01\/Capture-decran-2025-01-26-171145-300x279.png 300w\" sizes=\"auto, (max-width: 354px) 100vw, 354px\" \/><\/figure>\n\n\n\n<div class=\"wp-block-group is-vertical is-content-justification-center is-nowrap is-layout-flex wp-container-core-group-is-layout-21d4e958 wp-block-group-is-layout-flex\">\n<p class=\"has-text-align-center has-small-font-size\"><strong>Claire MINIAMA<\/strong><\/p>\n\n\n\n<p class=\"has-text-align-center has-small-font-size\"><strong>P\u00f4le Subventions<\/strong><\/p>\n<\/div>\n<\/div>\n\n\n\n<div class=\"wp-block-column is-layout-flow wp-block-column-is-layout-flow\">\n<figure class=\"wp-block-image size-full is-style-rounded is-style-rounded--8\"><img loading=\"lazy\" decoding=\"async\" width=\"393\" height=\"355\" src=\"https:\/\/www.echange-afrique-insa.fr\/wp-content\/uploads\/2025\/01\/Capture-decran-2025-01-26-171333.png\" alt=\"\" class=\"wp-image-1469\" style=\"aspect-ratio:1;object-fit:cover\" srcset=\"https:\/\/www.echange-afrique-insa.fr\/wp-content\/uploads\/2025\/01\/Capture-decran-2025-01-26-171333.png 393w, https:\/\/www.echange-afrique-insa.fr\/wp-content\/uploads\/2025\/01\/Capture-decran-2025-01-26-171333-300x271.png 300w\" sizes=\"auto, (max-width: 393px) 100vw, 393px\" \/><\/figure>\n\n\n\n<div class=\"wp-block-group is-vertical is-content-justification-center is-nowrap is-layout-flex wp-container-core-group-is-layout-21d4e958 wp-block-group-is-layout-flex\">\n<p class=\"has-text-align-center has-small-font-size\"><strong>Pauline CHABERT <\/strong><\/p>\n\n\n\n<p class=\"has-text-align-center has-small-font-size\"><strong>P\u00f4le Subventions<\/strong><\/p>\n<\/div>\n<\/div>\n\n\n\n<div class=\"wp-block-column is-layout-flow wp-block-column-is-layout-flow\">\n<figure class=\"wp-block-image size-full is-style-rounded is-style-rounded--9\"><img loading=\"lazy\" decoding=\"async\" width=\"346\" height=\"315\" src=\"https:\/\/www.echange-afrique-insa.fr\/wp-content\/uploads\/2025\/01\/Capture-decran-2025-01-26-172648.png\" alt=\"\" class=\"wp-image-1475\" style=\"aspect-ratio:1;object-fit:cover\" srcset=\"https:\/\/www.echange-afrique-insa.fr\/wp-content\/uploads\/2025\/01\/Capture-decran-2025-01-26-172648.png 346w, https:\/\/www.echange-afrique-insa.fr\/wp-content\/uploads\/2025\/01\/Capture-decran-2025-01-26-172648-300x273.png 300w\" sizes=\"auto, (max-width: 346px) 100vw, 346px\" \/><\/figure>\n\n\n\n<div class=\"wp-block-group is-vertical is-content-justification-center is-nowrap is-layout-flex wp-container-core-group-is-layout-21d4e958 wp-block-group-is-layout-flex\">\n<p class=\"has-text-align-center has-small-font-size\"><strong>Elise BALAC<\/strong><\/p>\n\n\n\n<p class=\"has-text-align-center has-small-font-size\"><strong>P\u00f4le Subventions<\/strong><\/p>\n<\/div>\n<\/div>\n\n\n\n<div class=\"wp-block-column is-layout-flow wp-block-column-is-layout-flow\">\n<figure class=\"wp-block-image size-full is-style-rounded is-style-rounded--10\"><img loading=\"lazy\" decoding=\"async\" width=\"355\" height=\"330\" src=\"https:\/\/www.echange-afrique-insa.fr\/wp-content\/uploads\/2025\/01\/Capture-decran-2025-01-26-171554.png\" alt=\"\" class=\"wp-image-1470\" style=\"aspect-ratio:1;object-fit:cover\" srcset=\"https:\/\/www.echange-afrique-insa.fr\/wp-content\/uploads\/2025\/01\/Capture-decran-2025-01-26-171554.png 355w, https:\/\/www.echange-afrique-insa.fr\/wp-content\/uploads\/2025\/01\/Capture-decran-2025-01-26-171554-300x279.png 300w\" sizes=\"auto, (max-width: 355px) 100vw, 355px\" \/><\/figure>\n\n\n\n<div class=\"wp-block-group is-vertical is-content-justification-center is-nowrap is-layout-flex wp-container-core-group-is-layout-63bfd6c1 wp-block-group-is-layout-flex\">\n<p class=\"has-text-align-center has-small-font-size\"><strong>Axel CADRE<\/strong><\/p>\n\n\n\n<p class=\"has-text-align-center has-small-font-size\"><strong>P\u00f4le Ev\u00e8nements<\/strong><\/p>\n<\/div>\n<\/div>\n\n\n\n<div class=\"wp-block-column is-layout-flow wp-block-column-is-layout-flow\">\n<figure class=\"wp-block-image size-full is-style-rounded is-style-rounded--11\"><img loading=\"lazy\" decoding=\"async\" width=\"315\" height=\"318\" src=\"https:\/\/www.echange-afrique-insa.fr\/wp-content\/uploads\/2025\/01\/Capture-decran-2025-01-26-172445.png\" alt=\"\" class=\"wp-image-1472\" style=\"aspect-ratio:1;object-fit:cover\" srcset=\"https:\/\/www.echange-afrique-insa.fr\/wp-content\/uploads\/2025\/01\/Capture-decran-2025-01-26-172445.png 315w, https:\/\/www.echange-afrique-insa.fr\/wp-content\/uploads\/2025\/01\/Capture-decran-2025-01-26-172445-297x300.png 297w, https:\/\/www.echange-afrique-insa.fr\/wp-content\/uploads\/2025\/01\/Capture-decran-2025-01-26-172445-150x150.png 150w\" sizes=\"auto, (max-width: 315px) 100vw, 315px\" \/><\/figure>\n\n\n\n<div class=\"wp-block-group is-vertical is-content-justification-center is-nowrap is-layout-flex wp-container-core-group-is-layout-63bfd6c1 wp-block-group-is-layout-flex\">\n<p class=\"has-text-align-center has-small-font-size\"><strong>Abel COULAIS<\/strong><\/p>\n\n\n\n<p class=\"has-text-align-center has-small-font-size\"><strong>P\u00f4le Ev\u00e8nements<\/strong><\/p>\n<\/div>\n<\/div>\n\n\n\n<div class=\"wp-block-column is-layout-flow wp-block-column-is-layout-flow\">\n<figure class=\"wp-block-image size-full is-style-rounded is-style-rounded--12\"><img loading=\"lazy\" decoding=\"async\" width=\"349\" height=\"318\" src=\"https:\/\/www.echange-afrique-insa.fr\/wp-content\/uploads\/2025\/01\/Capture-decran-2025-01-26-172618.png\" alt=\"\" class=\"wp-image-1474\" style=\"aspect-ratio:1;object-fit:cover\" srcset=\"https:\/\/www.echange-afrique-insa.fr\/wp-content\/uploads\/2025\/01\/Capture-decran-2025-01-26-172618.png 349w, https:\/\/www.echange-afrique-insa.fr\/wp-content\/uploads\/2025\/01\/Capture-decran-2025-01-26-172618-300x273.png 300w\" sizes=\"auto, (max-width: 349px) 100vw, 349px\" \/><\/figure>\n\n\n\n<div class=\"wp-block-group is-vertical is-content-justification-center is-nowrap is-layout-flex wp-container-core-group-is-layout-21d4e958 wp-block-group-is-layout-flex\">\n<p class=\"has-text-align-center has-small-font-size\"><strong>Ana\u00efs HUVELIN<\/strong><\/p>\n\n\n\n<p class=\"has-text-align-center has-small-font-size\"><strong>P\u00f4le Ev\u00e8nements<\/strong><\/p>\n<\/div>\n<\/div>\n<\/div>\n\n\n\n<p class=\"has-text-align-center has-black-color has-text-color\">Cette ann\u00e9e, nous avons d\u00e9cid\u00e9 de travailler avec le village d&rsquo;Agoto au Togo<\/p>\n\n\n\n<figure class=\"wp-block-image aligncenter size-full is-resized\"><img loading=\"lazy\" decoding=\"async\" width=\"418\" height=\"409\" src=\"https:\/\/www.echange-afrique-insa.fr\/wp-content\/uploads\/2025\/01\/Capture-decran-2025-01-28-123619.png\" alt=\"\" class=\"wp-image-1487\" style=\"width:219px;height:214px\" srcset=\"https:\/\/www.echange-afrique-insa.fr\/wp-content\/uploads\/2025\/01\/Capture-decran-2025-01-28-123619.png 418w, https:\/\/www.echange-afrique-insa.fr\/wp-content\/uploads\/2025\/01\/Capture-decran-2025-01-28-123619-300x294.png 300w\" sizes=\"auto, (max-width: 418px) 100vw, 418px\" \/><\/figure>\n\n\n\n<h2 class=\"wp-block-heading has-text-align-center has-luminous-vivid-orange-color has-text-color\">La situation actuelle  <\/h2>\n\n\n\n<p class=\"has-text-align-center has-black-color has-text-color\">Le village d&rsquo;Agoto est situ\u00e9 dans une r\u00e9gion recul\u00e9e du pays, loin des infrastructures \u00e9ducatives de qualit\u00e9. Les enfants de ce village n&rsquo;ont pas toujours acc\u00e8s \u00e0 l\u2019\u00e9ducation en raison du manque de salles de classe. Actuellement, les \u00e9l\u00e8ves sont entass\u00e9s dans des locaux inadapt\u00e9s, ce qui nuit \u00e0 leur apprentissage.<\/p>\n\n\n\n<p class=\"has-text-align-center has-black-color has-text-color\"><\/p>\n\n\n\n<figure class=\"wp-block-image aligncenter size-full\"><img loading=\"lazy\" decoding=\"async\" width=\"352\" height=\"265\" src=\"https:\/\/www.echange-afrique-insa.fr\/wp-content\/uploads\/2025\/01\/image-1.png\" alt=\"\" class=\"wp-image-1457\" srcset=\"https:\/\/www.echange-afrique-insa.fr\/wp-content\/uploads\/2025\/01\/image-1.png 352w, https:\/\/www.echange-afrique-insa.fr\/wp-content\/uploads\/2025\/01\/image-1-300x226.png 300w\" sizes=\"auto, (max-width: 352px) 100vw, 352px\" \/><figcaption class=\"wp-element-caption\">         Salles de classes actuelles <\/figcaption><\/figure>\n\n\n\n<p><\/p>\n\n\n\n<p><\/p>\n\n\n\n<h2 class=\"wp-block-heading has-text-align-center has-luminous-vivid-orange-color has-text-color\">Le projet global <\/h2>\n\n\n\n<p class=\"has-text-align-center has-black-color has-text-color\">L&rsquo;objectif principal de ce projet est de fournir un espace d&rsquo;apprentissage ad\u00e9quat pour les enfants d&rsquo;Agoto Centre, afin de leur offrir des opportunit\u00e9s d&rsquo;\u00e9ducation qui leur permettront de s&rsquo;\u00e9panouir et de r\u00e9ussir dans leur vie future. <\/p>\n\n\n\n<p class=\"has-black-color has-text-color\">Cette ann\u00e9e nous d\u00e9butons un tout nouveau projet et avons plusieurs objectifs : <\/p>\n\n\n\n<ul class=\"wp-block-list has-black-color has-text-color\">\n<li>Construction d&rsquo;une \u00e9cole de 3 salles de classes \u00e9quip\u00e9es de mobilier ad\u00e9quat pour les \u00e9l\u00e8ves. Augmentation de l&rsquo;acc\u00e8s \u00e0 l&rsquo;\u00e9ducation pour les enfants du village. <\/li>\n\n\n\n<li>Am\u00e9lioration des conditions d&rsquo;apprentissage pour les \u00e9l\u00e8ves et les enseignants. <\/li>\n\n\n\n<li>Renforcement de la communaut\u00e9 \u00e9ducative et de la coh\u00e9sion sociale dans le village.<\/li>\n<\/ul>\n\n\n\n<p><\/p>\n\n\n\n<p><\/p>\n\n\n\n<p><\/p>\n\n\n\n<p><\/p>\n\n\n\n<p class=\"has-text-align-center has-black-color has-text-color has-background\" style=\"background-color:#93b5d9c7\"><strong>L&rsquo;ASSOCIATION PARTENAIRE SUR PLACE  <\/strong>                                                                                                   Nous collaborons avec \u00ab\u00a0Sourire et Vie Afrique\u00a0\u00bb,  une association de solidarit\u00e9 internationale qui \u0153uvre notamment pour l\u2019\u00e9panouissement \u00e9ducatif des enfants dans un environnement sain. <\/p>\n\n\n\n<p class=\"has-text-align-center has-black-color has-white-background-color has-text-color has-background\"><\/p>\n\n\n\n<h2 class=\"wp-block-heading has-text-align-center has-luminous-vivid-orange-color has-text-color\">NOS ACTIONS <\/h2>\n\n\n\n<div class=\"wp-block-media-text alignwide is-stacked-on-mobile\"><figure class=\"wp-block-media-text__media\"><img loading=\"lazy\" decoding=\"async\" width=\"1024\" height=\"1024\" src=\"https:\/\/www.echange-afrique-insa.fr\/wp-content\/uploads\/2025\/01\/IMG_9235-1-1024x1024.jpeg\" alt=\"\" class=\"wp-image-1449 size-full\" srcset=\"https:\/\/www.echange-afrique-insa.fr\/wp-content\/uploads\/2025\/01\/IMG_9235-1-1024x1024.jpeg 1024w, https:\/\/www.echange-afrique-insa.fr\/wp-content\/uploads\/2025\/01\/IMG_9235-1-300x300.jpeg 300w, https:\/\/www.echange-afrique-insa.fr\/wp-content\/uploads\/2025\/01\/IMG_9235-1-150x150.jpeg 150w, https:\/\/www.echange-afrique-insa.fr\/wp-content\/uploads\/2025\/01\/IMG_9235-1-768x768.jpeg 768w, https:\/\/www.echange-afrique-insa.fr\/wp-content\/uploads\/2025\/01\/IMG_9235-1.jpeg 1242w\" sizes=\"auto, (max-width: 1024px) 100vw, 1024px\" \/><\/figure><div class=\"wp-block-media-text__content\">\n<h3 class=\"wp-block-heading has-vivid-red-color has-text-color\">Stands de nourriture<\/h3>\n\n\n\n<p class=\"has-black-color has-text-color\">Parce que nous sommes en Bretagne et que nous avons toujours une petite faim en soir\u00e9e ou en journ\u00e9e, l\u2019EAI accompagnera tous les \u00e9v\u00e8nements majeurs de l\u2019INSA et universitaire pendant toute l\u2019ann\u00e9e : le Gala, le mythique&nbsp;<em>Rock\u2019n Solex<\/em>, Tournoi universitaire, la&nbsp;<em>Run\u2019Insa<\/em>, certaines des soir\u00e9es du Foyer et bien d\u2019autres. Nous vendons donc des d\u00e9licieuses galettes: ch\u00e8vre-miel, la basque, la savoyarde et la mythique galette saucisse  ! Nous vendons \u00e9galement de superbes cr\u00eapes sucr\u00e9es ! Venez donc vous r\u00e9galer et par la m\u00eame occasion soutenir une bonne cause !<\/p>\n<\/div><\/div>\n\n\n\n<div class=\"wp-block-media-text alignwide has-media-on-the-right is-stacked-on-mobile has-background\" style=\"background-color:#93b5d9ba\"><div class=\"wp-block-media-text__content\">\n<h3 class=\"wp-block-heading has-vivid-red-color has-text-color\">Actions \u00ab\u00a0Bols de riz\u00a0\u00bb<\/h3>\n\n\n\n<p class=\"has-black-color has-text-color\">Cette action consiste \u00e0 proposer aux \u00e9tablissements scolaires (\u00e9coles primaires, coll\u00e8ges, lyc\u00e9es), un repas de solidarit\u00e9 \u00e0 base de riz tout en payant le prix d&rsquo;un repas classique. Les b\u00e9n\u00e9fices sont revers\u00e9s au profit de notre association en \u00e9change d&rsquo;une intervention afin de pr\u00e9senter notre projet aux jeunes. Cette action nous permet de communiquer sur nos motivations et notre but ainsi que de sensibiliser les plus jeunes g\u00e9n\u00e9rations.<\/p>\n<\/div><figure class=\"wp-block-media-text__media\"><img loading=\"lazy\" decoding=\"async\" width=\"484\" height=\"359\" src=\"https:\/\/www.echange-afrique-insa.fr\/wp-content\/uploads\/2025\/01\/Capture-decran-2025-01-24-190642.png\" alt=\"\" class=\"wp-image-1450 size-full\" srcset=\"https:\/\/www.echange-afrique-insa.fr\/wp-content\/uploads\/2025\/01\/Capture-decran-2025-01-24-190642.png 484w, https:\/\/www.echange-afrique-insa.fr\/wp-content\/uploads\/2025\/01\/Capture-decran-2025-01-24-190642-300x223.png 300w\" sizes=\"auto, (max-width: 484px) 100vw, 484px\" \/><\/figure><\/div>\n\n\n\n<div class=\"wp-block-media-text alignwide is-stacked-on-mobile\"><figure class=\"wp-block-media-text__media\"><img loading=\"lazy\" decoding=\"async\" width=\"739\" height=\"722\" src=\"https:\/\/www.echange-afrique-insa.fr\/wp-content\/uploads\/2025\/01\/chaussette-rose-bonbon.jpg\" alt=\"\" class=\"wp-image-1454 size-full\" srcset=\"https:\/\/www.echange-afrique-insa.fr\/wp-content\/uploads\/2025\/01\/chaussette-rose-bonbon.jpg 739w, https:\/\/www.echange-afrique-insa.fr\/wp-content\/uploads\/2025\/01\/chaussette-rose-bonbon-300x293.jpg 300w\" sizes=\"auto, (max-width: 739px) 100vw, 739px\" \/><\/figure><div class=\"wp-block-media-text__content\">\n<h3 class=\"wp-block-heading has-vivid-red-color has-text-color\">Vente de chaussettes<\/h3>\n\n\n\n<p class=\"has-black-color has-text-color\">Cette ann\u00e9e, nous avons organis\u00e9 une vente de chaussettes pour permettre aux Insaliens d&rsquo;offrir d&rsquo;excellents cadeaux de No\u00ebl. En collaboration avec notre partenaire Pom de Pin, nous avons propos\u00e9 une vingtaine de paires \u00e0 la fois fun, jolies et confortables. Encore merci, \u00e0 toutes vos  commandes ! <\/p>\n<\/div><\/div>\n\n\n\n<p><\/p>\n\n\n\n<h2 class=\"wp-block-heading has-text-align-center has-luminous-vivid-orange-color has-text-color has-link-color wp-elements-dfbb404366683d7cdd577a18c8e1bd74\">Vid\u00e9o finale Voyage et fin du projet<\/h2>\n\n\n\n<p>Pour finir, d\u00e9couvrez la vid\u00e9o de notre voyage et de l&rsquo;ach\u00e8vement du projet et de l&rsquo;\u00e9cole !<\/p>\n\n\n\n<figure class=\"wp-block-embed is-type-video is-provider-youtube wp-block-embed-youtube wp-embed-aspect-4-3 wp-has-aspect-ratio\"><div class=\"wp-block-embed__wrapper\">\n<iframe loading=\"lazy\" title=\"Agoto au Togo avec l\u2019EAI 2025\" width=\"500\" height=\"375\" src=\"https:\/\/www.youtube.com\/embed\/hoKm6Ylf5Fk?start=2&#038;feature=oembed\" frameborder=\"0\" allow=\"accelerometer; autoplay; clipboard-write; encrypted-media; gyroscope; picture-in-picture; web-share\" referrerpolicy=\"strict-origin-when-cross-origin\" allowfullscreen><\/iframe>\n<\/div><\/figure>\n\n\n\n<p class=\"has-text-align-center has-black-color has-text-color\">Restez au courant de la totalit\u00e9 de nos actions en nous suivant sur nos r\u00e9seaux:<\/p>\n\n\n\n<p><\/p>\n","protected":false},"excerpt":{"rendered":"<p>L&rsquo;\u00e9quipe EAI 2025 C\u00e9leste LANTHIEZ P\u00f4le Pr\u00e9sidence Hippolyte BUCHARD P\u00f4le Pr\u00e9sidence Clara LOMBARD P\u00f4le Tr\u00e9sorerie Manao VALLON-LAGRANGE P\u00f4le Tr\u00e9sorerie Zia DESTAL P\u00f4le Com&amp;Voyage Louise GLOTIN P\u00f4le Com&amp;Voyage Claire MINIAMA P\u00f4le Subventions Pauline CHABERT P\u00f4le Subventions Elise BALAC P\u00f4le Subventions Axel CADRE P\u00f4le Ev\u00e8nements Abel COULAIS P\u00f4le Ev\u00e8nements Ana\u00efs HUVELIN P\u00f4le Ev\u00e8nements Cette ann\u00e9e, nous avons [&hellip;]<\/p>\n","protected":false},"author":1,"featured_media":0,"parent":0,"menu_order":0,"comment_status":"closed","ping_status":"closed","template":"page-no-title","meta":{"footnotes":""},"class_list":["post-1440","page","type-page","status-publish","hentry"],"_links":{"self":[{"href":"https:\/\/www.echange-afrique-insa.fr\/index.php\/wp-json\/wp\/v2\/pages\/1440","targetHints":{"allow":["GET"]}}],"collection":[{"href":"https:\/\/www.echange-afrique-insa.fr\/index.php\/wp-json\/wp\/v2\/pages"}],"about":[{"href":"https:\/\/www.echange-afrique-insa.fr\/index.php\/wp-json\/wp\/v2\/types\/page"}],"author":[{"embeddable":true,"href":"https:\/\/www.echange-afrique-insa.fr\/index.php\/wp-json\/wp\/v2\/users\/1"}],"replies":[{"embeddable":true,"href":"https:\/\/www.echange-afrique-insa.fr\/index.php\/wp-json\/wp\/v2\/comments?post=1440"}],"version-history":[{"count":0,"href":"https:\/\/www.echange-afrique-insa.fr\/index.php\/wp-json\/wp\/v2\/pages\/1440\/revisions"}],"wp:attachment":[{"href":"https:\/\/www.echange-afrique-insa.fr\/index.php\/wp-json\/wp\/v2\/media?parent=1440"}],"curies":[{"name":"wp","href":"https:\/\/api.w.org\/{rel}","templated":true}]}}